{"id":49188,"date":"2024-02-07T10:11:37","date_gmt":"2024-02-07T10:11:37","guid":{"rendered":"https:\/\/centrobebe.es\/?post_type=product&#038;p=49188"},"modified":"2025-07-25T10:23:10","modified_gmt":"2025-07-25T10:23:10","slug":"cochecito-anex-eli","status":"publish","type":"product","link":"https:\/\/centrobebe.es\/en\/shop\/centrobebe\/cochecitos-y-sillas-de-paseo-de-bebe\/cochecitos-bebe\/cochecitos-dos-piezas\/cochecito-anex-eli\/","title":{"rendered":"Cochecito Anex Eli 2025 Dos Piezas (opci\u00f3n tres piezas)"},"content":{"rendered":"<h1>Anex Eli Cochecito para beb\u00e9s<\/h1>\n<div class=\"keyword-text _ngcontent-ghe-96\" aria-label=\"abc design salsa 4. Esta es la palabra clave que has proporcionado.\">\n<p>Anex Eli 2024 es el modelo que viene a sustituir al m\u00edtico Anex Etype, es din\u00e1mico, extremadamente <span class=\"details\"><span class=\"details\">\u00e1gil y flexible. Un cochecito con personalidad y de confianza que te acompa\u00f1ar\u00e1 a ti y a tu beb\u00e9 desde el primer d\u00eda a cualquier lugar en el que vayan.<\/span><\/span><\/p>\n<p><iframe title=\"COCHE ANEX Eli 1080p\" src=\"https:\/\/www.youtube.com\/embed\/jOQZ01FXtg4\" width=\"866\" height=\"487\" frameborder=\"0\" allowfullscreen=\"allowfullscreen\"><\/iframe><\/p>\n<p><img fetchpriority=\"high\" decoding=\"async\" class=\"aligncenter wp-image-49783 size-full\" src=\"https:\/\/centrobebe.es\/wp-content\/uploads\/2024\/02\/anex-eli-Copiar.jpg\" alt=\"anex eli 2024\" width=\"800\" height=\"446\" srcset=\"https:\/\/centrobebe.es\/wp-content\/uploads\/2024\/02\/anex-eli-Copiar.jpg 800w, https:\/\/centrobebe.es\/wp-content\/uploads\/2024\/02\/anex-eli-Copiar-360x201.jpg 360w, https:\/\/centrobebe.es\/wp-content\/uploads\/2024\/02\/anex-eli-Copiar-18x10.jpg 18w, https:\/\/centrobebe.es\/wp-content\/uploads\/2024\/02\/anex-eli-Copiar-142x79.jpg 142w, https:\/\/centrobebe.es\/wp-content\/uploads\/2024\/02\/anex-eli-Copiar-448x250.jpg 448w, https:\/\/centrobebe.es\/wp-content\/uploads\/2024\/02\/anex-eli-Copiar-95x53.jpg 95w\" sizes=\"(max-width: 800px) 100vw, 800px\" \/><\/p>\n<p>Es una nueva generaci\u00f3n de coches de paseo para personas que buscan la perfecta combinaci\u00f3n entre elegancia y comodidad. La eco-piel hace que el cochecito luzca realmente natural a la vez que muy elegante. Sus ruedas peque\u00f1as, pero super resistentes, proporcionan un movimiento suave en el entorno urbano, y su bolsa compacta y c\u00f3moda puede contener todo lo necesario para la madre y el ni\u00f1o en el paseo diario.<\/p>\n<p><img decoding=\"async\" class=\"aligncenter wp-image-49784 size-full\" src=\"https:\/\/centrobebe.es\/wp-content\/uploads\/2024\/02\/anex-eli-2-Copiar.jpg\" alt=\"anex eli 2024\" width=\"800\" height=\"440\" srcset=\"https:\/\/centrobebe.es\/wp-content\/uploads\/2024\/02\/anex-eli-2-Copiar.jpg 800w, https:\/\/centrobebe.es\/wp-content\/uploads\/2024\/02\/anex-eli-2-Copiar-360x198.jpg 360w, https:\/\/centrobebe.es\/wp-content\/uploads\/2024\/02\/anex-eli-2-Copiar-18x10.jpg 18w, https:\/\/centrobebe.es\/wp-content\/uploads\/2024\/02\/anex-eli-2-Copiar-142x78.jpg 142w, https:\/\/centrobebe.es\/wp-content\/uploads\/2024\/02\/anex-eli-2-Copiar-455x250.jpg 455w, https:\/\/centrobebe.es\/wp-content\/uploads\/2024\/02\/anex-eli-2-Copiar-96x53.jpg 96w\" sizes=\"(max-width: 800px) 100vw, 800px\" \/><\/p>\n<p>&nbsp;<\/p>\n<\/div>\n<div class=\"keyword-text _ngcontent-ghe-96\" aria-label=\"abc design salsa 4. Esta es la palabra clave que has proporcionado.\"><span class=\"details\"><span class=\"details\">El cochecito <\/span><\/span>cuenta con\u00a0una l\u00ednea moderna, un dise\u00f1o funcional y vanguardista. Sus ruedas delanteras giratorias le proporcionan agilidad. Rodamientos de bolas y una amortiguaci\u00f3n integrada, te ofrece una marcha suave y tranquila incluso durante las m\u00e1s osadas aventuras.<\/div>\n<div aria-label=\"abc design salsa 4. Esta es la palabra clave que has proporcionado.\"><\/div>\n<div aria-label=\"abc design salsa 4. Esta es la palabra clave que has proporcionado.\"><img decoding=\"async\" class=\"aligncenter wp-image-49785 size-full\" src=\"https:\/\/centrobebe.es\/wp-content\/uploads\/2024\/02\/anex-eli-3-Copiar.jpg\" alt=\"anex eli 2024\" width=\"800\" height=\"440\" srcset=\"https:\/\/centrobebe.es\/wp-content\/uploads\/2024\/02\/anex-eli-3-Copiar.jpg 800w, https:\/\/centrobebe.es\/wp-content\/uploads\/2024\/02\/anex-eli-3-Copiar-360x198.jpg 360w, https:\/\/centrobebe.es\/wp-content\/uploads\/2024\/02\/anex-eli-3-Copiar-18x10.jpg 18w, https:\/\/centrobebe.es\/wp-content\/uploads\/2024\/02\/anex-eli-3-Copiar-142x78.jpg 142w, https:\/\/centrobebe.es\/wp-content\/uploads\/2024\/02\/anex-eli-3-Copiar-455x250.jpg 455w, https:\/\/centrobebe.es\/wp-content\/uploads\/2024\/02\/anex-eli-3-Copiar-96x53.jpg 96w\" sizes=\"(max-width: 800px) 100vw, 800px\" \/> <img decoding=\"async\" class=\"aligncenter wp-image-49784 size-full\" src=\"https:\/\/centrobebe.es\/wp-content\/uploads\/2024\/02\/anex-eli-2-Copiar.jpg\" alt=\"anex eli 2024\" width=\"800\" height=\"440\" srcset=\"https:\/\/centrobebe.es\/wp-content\/uploads\/2024\/02\/anex-eli-2-Copiar.jpg 800w, https:\/\/centrobebe.es\/wp-content\/uploads\/2024\/02\/anex-eli-2-Copiar-360x198.jpg 360w, https:\/\/centrobebe.es\/wp-content\/uploads\/2024\/02\/anex-eli-2-Copiar-18x10.jpg 18w, https:\/\/centrobebe.es\/wp-content\/uploads\/2024\/02\/anex-eli-2-Copiar-142x78.jpg 142w, https:\/\/centrobebe.es\/wp-content\/uploads\/2024\/02\/anex-eli-2-Copiar-455x250.jpg 455w, https:\/\/centrobebe.es\/wp-content\/uploads\/2024\/02\/anex-eli-2-Copiar-96x53.jpg 96w\" sizes=\"(max-width: 800px) 100vw, 800px\" \/><\/div>\n<p>&nbsp;<\/p>\n<div aria-label=\"abc design salsa 4. Esta es la palabra clave que has proporcionado.\">\n<h2>\u00bfQu\u00e9 Incluye el Carrito Anex ELI?<\/h2>\n<p><img loading=\"lazy\" decoding=\"async\" class=\"aligncenter wp-image-49789 size-full\" src=\"https:\/\/centrobebe.es\/wp-content\/uploads\/2024\/02\/anex-eli-7-Copiar.jpg\" alt=\"anex eli 2024\" width=\"800\" height=\"452\" srcset=\"https:\/\/centrobebe.es\/wp-content\/uploads\/2024\/02\/anex-eli-7-Copiar.jpg 800w, https:\/\/centrobebe.es\/wp-content\/uploads\/2024\/02\/anex-eli-7-Copiar-360x203.jpg 360w, https:\/\/centrobebe.es\/wp-content\/uploads\/2024\/02\/anex-eli-7-Copiar-18x10.jpg 18w, https:\/\/centrobebe.es\/wp-content\/uploads\/2024\/02\/anex-eli-7-Copiar-142x80.jpg 142w, https:\/\/centrobebe.es\/wp-content\/uploads\/2024\/02\/anex-eli-7-Copiar-442x250.jpg 442w, https:\/\/centrobebe.es\/wp-content\/uploads\/2024\/02\/anex-eli-7-Copiar-94x53.jpg 94w\" sizes=\"(max-width: 800px) 100vw, 800px\" \/><\/p>\n<ul>\n<li>Chasis<\/li>\n<li>Capazo con colch\u00f3n<\/li>\n<li>Silla de paseo<\/li>\n<li>Capota<\/li>\n<li>Burbuja de lluvia<\/li>\n<li>Mosquitera<\/li>\n<li>Cubrepi\u00e9s para el capazo<\/li>\n<li>Cubrepi\u00e9s para la silla de paseo<\/li>\n<li>Cestilla de compras<\/li>\n<li><strong>NO INCLUYE Bolso Mochila (OPCIONAL)<\/strong><\/li>\n<\/ul>\n<h2>Caracter\u00edsticas Cochecito Anex ELI<\/h2>\n<div aria-label=\"abc design salsa 4. Esta es la palabra clave que has proporcionado.\">Las caracter\u00edsticas de los coches de paseo ELI est\u00e1n basadas en la utilidad para los padres y en la comodidad y seguridad para los ni\u00f1os. Por esto, el cochecito proporciona satisfacci\u00f3n en paseos vers\u00e1tiles y en toda clase de terrenos.<\/div>\n<ul>\n<li>Apto desde el nacimiento<\/li>\n<li>Chasis resistente<\/li>\n<li>Sistema de Triple Amortiguaci\u00f3n<\/li>\n<li>Manillar de eco-piel ajustable en altura<\/li>\n<li>Ruedas delanteras giratorias de 360 grados con sistema de bloqueo<\/li>\n<li>Capazo espacioso, seguro y c\u00f3modo.<\/li>\n<li>Colch\u00f3n de doble n\u00facleo<\/li>\n<li>Capota ajustable<\/li>\n<li>Asiento reversible<\/li>\n<li>Asiento reclinable hasta la posici\u00f3n tumbada<\/li>\n<li>Reposapi\u00e9s ajustable<\/li>\n<li>Plegado compacto incluso con el asiento instalado<\/li>\n<li>Tejido de revestimiento repelente al agua<\/li>\n<li>Sistema de bloqueo X-Lock para evitar que el chasis se cierre solo<\/li>\n<li>Provisto de frenos por medio de pedal<\/li>\n<li>Sistema antivibraci\u00f3n<\/li>\n<li>Ruedas antipinchazos de poliuretano s\u00f3lido resistentes al desgast<\/li>\n<\/ul>\n<\/div>\n<div class=\"c-acc__description\"><img loading=\"lazy\" decoding=\"async\" class=\"aligncenter wp-image-49788 size-full\" src=\"https:\/\/centrobebe.es\/wp-content\/uploads\/2024\/02\/anex-eli-6-Copiar.jpg\" alt=\"anex eli 2024\" width=\"800\" height=\"446\" srcset=\"https:\/\/centrobebe.es\/wp-content\/uploads\/2024\/02\/anex-eli-6-Copiar.jpg 800w, https:\/\/centrobebe.es\/wp-content\/uploads\/2024\/02\/anex-eli-6-Copiar-360x201.jpg 360w, https:\/\/centrobebe.es\/wp-content\/uploads\/2024\/02\/anex-eli-6-Copiar-18x10.jpg 18w, https:\/\/centrobebe.es\/wp-content\/uploads\/2024\/02\/anex-eli-6-Copiar-142x79.jpg 142w, https:\/\/centrobebe.es\/wp-content\/uploads\/2024\/02\/anex-eli-6-Copiar-448x250.jpg 448w, https:\/\/centrobebe.es\/wp-content\/uploads\/2024\/02\/anex-eli-6-Copiar-95x53.jpg 95w\" sizes=\"(max-width: 800px) 100vw, 800px\" \/><\/div>\n<p>&nbsp;<\/p>\n<p>Si necesitas m\u00e1s informaci\u00f3n puedes visitar la web del fabricante haciendo click <a href=\"https:\/\/www.abc-design.de\/es\/cochecitos\/salsa-4\/\">aqu\u00ed<\/a>. No dudes en ponerte en contacto con nuestro equipo de <a href=\"https:\/\/centrobebe.es\/en\/contacto\/\">Centrobeb\u00e9<\/a>. Estaremos encantados de ayudarte y aconsejarte sobre los productos que m\u00e1s se adapten a las necesidades de tu beb\u00e9. Descubre nuestro cat\u00e1logo de carritos de beb\u00e9 elegantes para comprar online.<\/p>\n<p>Descubre la variedad de\u00a0<a href=\"https:\/\/centrobebe.es\/en\/product-category\/centrobebe\/cochecitos-y-sillas-de-paseo-de-bebe\/\">carritos de beb\u00e9<\/a>\u00a0disponibles en nuestro cat\u00e1logo y hazlo tuyo al mejor precio garantizado. Compra online tu carrito de beb\u00e9 y fin\u00e1ncialo seg\u00fan tus prioridades.<\/p>\n<p>&nbsp;<\/p>","protected":false},"excerpt":{"rendered":"<p>Anex ELI: es una nueva generaci\u00f3n de cochecitos para personas que est\u00e1n locas por una combinaci\u00f3n equilibrada de estilo y comodidad.<\/p>\n<p>Compra al mejor precio tu coche Anex ELI \u00a1Financialo Facilmente!<\/p>\n<p><strong>NUEVO MODELO<\/strong><\/p>","protected":false},"featured_media":56147,"template":"","meta":[],"pwb-brand":[],"product_cat":[154,585,586],"product_tag":[],"class_list":{"0":"post-49188","1":"product","2":"type-product","3":"status-publish","4":"has-post-thumbnail","6":"product_cat-cochecitos-bebe","7":"product_cat-cochecitos-dos-piezas","8":"product_cat-cochecitos-3-piezas","9":"pa_color-beige","10":"pa_color-beige-chasis-blanco","11":"pa_color-gris","12":"pa_color-gris-claro","13":"pa_color-negro","14":"pa_color-topo","15":"pa_color-verde-oliva","16":"tm-has-options","18":"first","19":"instock","20":"featured","21":"taxable","22":"shipping-taxable","23":"purchasable","24":"product-type-variable","25":"wvs-archive-product-wrapper"},"yoast_head":"<!-- This site is optimized with the Yoast SEO plugin v26.9 - https:\/\/yoast.com\/product\/yoast-seo-wordpress\/ -->\n<title>Anex Eli 2025- Dise\u00f1o y tecnologia - Carros beb\u00e9 - Centrobeb\u00e9<\/title>\n<meta name=\"description\" content=\"Compra al mejor precio Cochecito Anex Eli. Maniobrable y pr\u00e1ctico, la mejor soluci\u00f3n para llevar a tu beb\u00e9 \u00a1Financialo Facilmente!\" \/>\n<meta name=\"robots\" content=\"index, follow, max-snippet:-1, max-image-preview:large, max-video-preview:-1\" \/>\n<link rel=\"canonical\" href=\"https:\/\/centrobebe.es\/en\/shop\/centrobebe\/cochecitos-y-sillas-de-paseo-de-bebe\/cochecitos-bebe\/cochecitos-dos-piezas\/cochecito-anex-eli\/\" \/>\n<meta property=\"og:locale\" content=\"en_GB\" \/>\n<meta property=\"og:type\" content=\"article\" \/>\n<meta property=\"og:title\" content=\"Anex Eli 2025- Dise\u00f1o y tecnologia - Carros beb\u00e9 - Centrobeb\u00e9\" \/>\n<meta property=\"og:description\" content=\"Compra al mejor precio Cochecito Anex Eli. Maniobrable y pr\u00e1ctico, la mejor soluci\u00f3n para llevar a tu beb\u00e9 \u00a1Financialo Facilmente!\" \/>\n<meta property=\"og:url\" content=\"https:\/\/centrobebe.es\/en\/shop\/centrobebe\/cochecitos-y-sillas-de-paseo-de-bebe\/cochecitos-bebe\/cochecitos-dos-piezas\/cochecito-anex-eli\/\" \/>\n<meta property=\"og:site_name\" content=\"Centrobeb\u00e9\" \/>\n<meta property=\"article:publisher\" content=\"https:\/\/www.facebook.com\/centrobebe\/\" \/>\n<meta property=\"article:modified_time\" content=\"2025-07-25T10:23:10+00:00\" \/>\n<meta property=\"og:image\" content=\"https:\/\/centrobebe.es\/wp-content\/uploads\/2024\/02\/2kiisf-f-cp875x790x50px50p-a979719b3e865fe3850440d9e5b5d3c3.jpg\" \/>\n\t<meta property=\"og:image:width\" content=\"875\" \/>\n\t<meta property=\"og:image:height\" content=\"790\" \/>\n\t<meta property=\"og:image:type\" content=\"image\/jpeg\" \/>\n<meta name=\"twitter:card\" content=\"summary_large_image\" \/>\n<meta name=\"twitter:site\" content=\"@centrobebe\" \/>\n<meta name=\"twitter:label1\" content=\"Estimated reading time\" \/>\n\t<meta name=\"twitter:data1\" content=\"4 minutes\" \/>\n<script type=\"application\/ld+json\" class=\"yoast-schema-graph\">{\"@context\":\"https:\/\/schema.org\",\"@graph\":[{\"@type\":\"WebPage\",\"@id\":\"https:\/\/centrobebe.es\/shop\/centrobebe\/cochecitos-y-sillas-de-paseo-de-bebe\/cochecitos-bebe\/cochecitos-dos-piezas\/cochecito-anex-eli\/\",\"url\":\"https:\/\/centrobebe.es\/shop\/centrobebe\/cochecitos-y-sillas-de-paseo-de-bebe\/cochecitos-bebe\/cochecitos-dos-piezas\/cochecito-anex-eli\/\",\"name\":\"Anex Eli 2025- Dise\u00f1o y tecnologia - Carros beb\u00e9 - Centrobeb\u00e9\",\"isPartOf\":{\"@id\":\"https:\/\/centrobebe.es\/#website\"},\"primaryImageOfPage\":{\"@id\":\"https:\/\/centrobebe.es\/shop\/centrobebe\/cochecitos-y-sillas-de-paseo-de-bebe\/cochecitos-bebe\/cochecitos-dos-piezas\/cochecito-anex-eli\/#primaryimage\"},\"image\":{\"@id\":\"https:\/\/centrobebe.es\/shop\/centrobebe\/cochecitos-y-sillas-de-paseo-de-bebe\/cochecitos-bebe\/cochecitos-dos-piezas\/cochecito-anex-eli\/#primaryimage\"},\"thumbnailUrl\":\"https:\/\/centrobebe.es\/wp-content\/uploads\/2024\/02\/2kiisf-f-cp875x790x50px50p-a979719b3e865fe3850440d9e5b5d3c3.jpg\",\"datePublished\":\"2024-02-07T10:11:37+00:00\",\"dateModified\":\"2025-07-25T10:23:10+00:00\",\"description\":\"Compra al mejor precio Cochecito Anex Eli. Maniobrable y pr\u00e1ctico, la mejor soluci\u00f3n para llevar a tu beb\u00e9 \u00a1Financialo Facilmente!\",\"breadcrumb\":{\"@id\":\"https:\/\/centrobebe.es\/shop\/centrobebe\/cochecitos-y-sillas-de-paseo-de-bebe\/cochecitos-bebe\/cochecitos-dos-piezas\/cochecito-anex-eli\/#breadcrumb\"},\"inLanguage\":\"en-GB\",\"potentialAction\":[{\"@type\":\"ReadAction\",\"target\":[\"https:\/\/centrobebe.es\/shop\/centrobebe\/cochecitos-y-sillas-de-paseo-de-bebe\/cochecitos-bebe\/cochecitos-dos-piezas\/cochecito-anex-eli\/\"]}]},{\"@type\":\"ImageObject\",\"inLanguage\":\"en-GB\",\"@id\":\"https:\/\/centrobebe.es\/shop\/centrobebe\/cochecitos-y-sillas-de-paseo-de-bebe\/cochecitos-bebe\/cochecitos-dos-piezas\/cochecito-anex-eli\/#primaryimage\",\"url\":\"https:\/\/centrobebe.es\/wp-content\/uploads\/2024\/02\/2kiisf-f-cp875x790x50px50p-a979719b3e865fe3850440d9e5b5d3c3.jpg\",\"contentUrl\":\"https:\/\/centrobebe.es\/wp-content\/uploads\/2024\/02\/2kiisf-f-cp875x790x50px50p-a979719b3e865fe3850440d9e5b5d3c3.jpg\",\"width\":875,\"height\":790,\"caption\":\"oche anex eli\"},{\"@type\":\"BreadcrumbList\",\"@id\":\"https:\/\/centrobebe.es\/shop\/centrobebe\/cochecitos-y-sillas-de-paseo-de-bebe\/cochecitos-bebe\/cochecitos-dos-piezas\/cochecito-anex-eli\/#breadcrumb\",\"itemListElement\":[{\"@type\":\"ListItem\",\"position\":1,\"name\":\"Portada\",\"item\":\"https:\/\/centrobebe.es\/\"},{\"@type\":\"ListItem\",\"position\":2,\"name\":\"Shop\",\"item\":\"https:\/\/centrobebe.es\/shop\/\"},{\"@type\":\"ListItem\",\"position\":3,\"name\":\"Cochecito Anex Eli 2025 Dos Piezas (opci\u00f3n tres piezas)\"}]},{\"@type\":\"WebSite\",\"@id\":\"https:\/\/centrobebe.es\/#website\",\"url\":\"https:\/\/centrobebe.es\/\",\"name\":\"Centrobeb\u00e9\",\"description\":\"Tienda de bebe online | Todo lo que tu bebe necesita\",\"publisher\":{\"@id\":\"https:\/\/centrobebe.es\/#organization\"},\"alternateName\":\"Centrobeb\u00e9\",\"potentialAction\":[{\"@type\":\"SearchAction\",\"target\":{\"@type\":\"EntryPoint\",\"urlTemplate\":\"https:\/\/centrobebe.es\/?s={search_term_string}\"},\"query-input\":{\"@type\":\"PropertyValueSpecification\",\"valueRequired\":true,\"valueName\":\"search_term_string\"}}],\"inLanguage\":\"en-GB\"},{\"@type\":\"Organization\",\"@id\":\"https:\/\/centrobebe.es\/#organization\",\"name\":\"Centrobebe\",\"alternateName\":\"Centrobebe\",\"url\":\"https:\/\/centrobebe.es\/\",\"logo\":{\"@type\":\"ImageObject\",\"inLanguage\":\"en-GB\",\"@id\":\"https:\/\/centrobebe.es\/#\/schema\/logo\/image\/\",\"url\":\"https:\/\/centrobebe.es\/wp-content\/uploads\/2018\/06\/icono3-e1557940133982.png\",\"contentUrl\":\"https:\/\/centrobebe.es\/wp-content\/uploads\/2018\/06\/icono3-e1557940133982.png\",\"width\":34,\"height\":29,\"caption\":\"Centrobebe\"},\"image\":{\"@id\":\"https:\/\/centrobebe.es\/#\/schema\/logo\/image\/\"},\"sameAs\":[\"https:\/\/www.facebook.com\/centrobebe\/\",\"https:\/\/x.com\/centrobebe\",\"https:\/\/www.instagram.com\/centrobebe.es\/\",\"https:\/\/www.youtube.com\/channel\/UCVU-jcFuwntnxOhxvSbf3hg\"]}]}<\/script>\n<!-- \/ Yoast SEO plugin. -->","yoast_head_json":{"title":"Anex Eli 2025- Dise\u00f1o y tecnologia - Carros beb\u00e9 - Centrobeb\u00e9","description":"Compra al mejor precio Cochecito Anex Eli. Maniobrable y pr\u00e1ctico, la mejor soluci\u00f3n para llevar a tu beb\u00e9 \u00a1Financialo Facilmente!","robots":{"index":"index","follow":"follow","max-snippet":"max-snippet:-1","max-image-preview":"max-image-preview:large","max-video-preview":"max-video-preview:-1"},"canonical":"https:\/\/centrobebe.es\/en\/shop\/centrobebe\/cochecitos-y-sillas-de-paseo-de-bebe\/cochecitos-bebe\/cochecitos-dos-piezas\/cochecito-anex-eli\/","og_locale":"en_GB","og_type":"article","og_title":"Anex Eli 2025- Dise\u00f1o y tecnologia - Carros beb\u00e9 - Centrobeb\u00e9","og_description":"Compra al mejor precio Cochecito Anex Eli. Maniobrable y pr\u00e1ctico, la mejor soluci\u00f3n para llevar a tu beb\u00e9 \u00a1Financialo Facilmente!","og_url":"https:\/\/centrobebe.es\/en\/shop\/centrobebe\/cochecitos-y-sillas-de-paseo-de-bebe\/cochecitos-bebe\/cochecitos-dos-piezas\/cochecito-anex-eli\/","og_site_name":"Centrobeb\u00e9","article_publisher":"https:\/\/www.facebook.com\/centrobebe\/","article_modified_time":"2025-07-25T10:23:10+00:00","og_image":[{"width":875,"height":790,"url":"https:\/\/centrobebe.es\/wp-content\/uploads\/2024\/02\/2kiisf-f-cp875x790x50px50p-a979719b3e865fe3850440d9e5b5d3c3.jpg","type":"image\/jpeg"}],"twitter_card":"summary_large_image","twitter_site":"@centrobebe","twitter_misc":{"Estimated reading time":"4 minutes"},"schema":{"@context":"https:\/\/schema.org","@graph":[{"@type":"WebPage","@id":"https:\/\/centrobebe.es\/shop\/centrobebe\/cochecitos-y-sillas-de-paseo-de-bebe\/cochecitos-bebe\/cochecitos-dos-piezas\/cochecito-anex-eli\/","url":"https:\/\/centrobebe.es\/shop\/centrobebe\/cochecitos-y-sillas-de-paseo-de-bebe\/cochecitos-bebe\/cochecitos-dos-piezas\/cochecito-anex-eli\/","name":"Anex Eli 2025- Dise\u00f1o y tecnologia - Carros beb\u00e9 - Centrobeb\u00e9","isPartOf":{"@id":"https:\/\/centrobebe.es\/#website"},"primaryImageOfPage":{"@id":"https:\/\/centrobebe.es\/shop\/centrobebe\/cochecitos-y-sillas-de-paseo-de-bebe\/cochecitos-bebe\/cochecitos-dos-piezas\/cochecito-anex-eli\/#primaryimage"},"image":{"@id":"https:\/\/centrobebe.es\/shop\/centrobebe\/cochecitos-y-sillas-de-paseo-de-bebe\/cochecitos-bebe\/cochecitos-dos-piezas\/cochecito-anex-eli\/#primaryimage"},"thumbnailUrl":"https:\/\/centrobebe.es\/wp-content\/uploads\/2024\/02\/2kiisf-f-cp875x790x50px50p-a979719b3e865fe3850440d9e5b5d3c3.jpg","datePublished":"2024-02-07T10:11:37+00:00","dateModified":"2025-07-25T10:23:10+00:00","description":"Compra al mejor precio Cochecito Anex Eli. Maniobrable y pr\u00e1ctico, la mejor soluci\u00f3n para llevar a tu beb\u00e9 \u00a1Financialo Facilmente!","breadcrumb":{"@id":"https:\/\/centrobebe.es\/shop\/centrobebe\/cochecitos-y-sillas-de-paseo-de-bebe\/cochecitos-bebe\/cochecitos-dos-piezas\/cochecito-anex-eli\/#breadcrumb"},"inLanguage":"en-GB","potentialAction":[{"@type":"ReadAction","target":["https:\/\/centrobebe.es\/shop\/centrobebe\/cochecitos-y-sillas-de-paseo-de-bebe\/cochecitos-bebe\/cochecitos-dos-piezas\/cochecito-anex-eli\/"]}]},{"@type":"ImageObject","inLanguage":"en-GB","@id":"https:\/\/centrobebe.es\/shop\/centrobebe\/cochecitos-y-sillas-de-paseo-de-bebe\/cochecitos-bebe\/cochecitos-dos-piezas\/cochecito-anex-eli\/#primaryimage","url":"https:\/\/centrobebe.es\/wp-content\/uploads\/2024\/02\/2kiisf-f-cp875x790x50px50p-a979719b3e865fe3850440d9e5b5d3c3.jpg","contentUrl":"https:\/\/centrobebe.es\/wp-content\/uploads\/2024\/02\/2kiisf-f-cp875x790x50px50p-a979719b3e865fe3850440d9e5b5d3c3.jpg","width":875,"height":790,"caption":"oche anex eli"},{"@type":"BreadcrumbList","@id":"https:\/\/centrobebe.es\/shop\/centrobebe\/cochecitos-y-sillas-de-paseo-de-bebe\/cochecitos-bebe\/cochecitos-dos-piezas\/cochecito-anex-eli\/#breadcrumb","itemListElement":[{"@type":"ListItem","position":1,"name":"Portada","item":"https:\/\/centrobebe.es\/"},{"@type":"ListItem","position":2,"name":"Shop","item":"https:\/\/centrobebe.es\/shop\/"},{"@type":"ListItem","position":3,"name":"Cochecito Anex Eli 2025 Dos Piezas (opci\u00f3n tres piezas)"}]},{"@type":"WebSite","@id":"https:\/\/centrobebe.es\/#website","url":"https:\/\/centrobebe.es\/","name":"Centrobeb\u00e9","description":"Tienda de bebe online | Todo lo que tu bebe necesita","publisher":{"@id":"https:\/\/centrobebe.es\/#organization"},"alternateName":"Centrobeb\u00e9","potentialAction":[{"@type":"SearchAction","target":{"@type":"EntryPoint","urlTemplate":"https:\/\/centrobebe.es\/?s={search_term_string}"},"query-input":{"@type":"PropertyValueSpecification","valueRequired":true,"valueName":"search_term_string"}}],"inLanguage":"en-GB"},{"@type":"Organization","@id":"https:\/\/centrobebe.es\/#organization","name":"Centrobebe","alternateName":"Centrobebe","url":"https:\/\/centrobebe.es\/","logo":{"@type":"ImageObject","inLanguage":"en-GB","@id":"https:\/\/centrobebe.es\/#\/schema\/logo\/image\/","url":"https:\/\/centrobebe.es\/wp-content\/uploads\/2018\/06\/icono3-e1557940133982.png","contentUrl":"https:\/\/centrobebe.es\/wp-content\/uploads\/2018\/06\/icono3-e1557940133982.png","width":34,"height":29,"caption":"Centrobebe"},"image":{"@id":"https:\/\/centrobebe.es\/#\/schema\/logo\/image\/"},"sameAs":["https:\/\/www.facebook.com\/centrobebe\/","https:\/\/x.com\/centrobebe","https:\/\/www.instagram.com\/centrobebe.es\/","https:\/\/www.youtube.com\/channel\/UCVU-jcFuwntnxOhxvSbf3hg"]}]}},"brands":[],"_links":{"self":[{"href":"https:\/\/centrobebe.es\/en\/wp-json\/wp\/v2\/product\/49188","targetHints":{"allow":["GET"]}}],"collection":[{"href":"https:\/\/centrobebe.es\/en\/wp-json\/wp\/v2\/product"}],"about":[{"href":"https:\/\/centrobebe.es\/en\/wp-json\/wp\/v2\/types\/product"}],"version-history":[{"count":11,"href":"https:\/\/centrobebe.es\/en\/wp-json\/wp\/v2\/product\/49188\/revisions"}],"predecessor-version":[{"id":56145,"href":"https:\/\/centrobebe.es\/en\/wp-json\/wp\/v2\/product\/49188\/revisions\/56145"}],"wp:featuredmedia":[{"embeddable":true,"href":"https:\/\/centrobebe.es\/en\/wp-json\/wp\/v2\/media\/56147"}],"wp:attachment":[{"href":"https:\/\/centrobebe.es\/en\/wp-json\/wp\/v2\/media?parent=49188"}],"wp:term":[{"taxonomy":"pwb-brand","embeddable":true,"href":"https:\/\/centrobebe.es\/en\/wp-json\/wp\/v2\/pwb-brand?post=49188"},{"taxonomy":"product_cat","embeddable":true,"href":"https:\/\/centrobebe.es\/en\/wp-json\/wp\/v2\/product_cat?post=49188"},{"taxonomy":"product_tag","embeddable":true,"href":"https:\/\/centrobebe.es\/en\/wp-json\/wp\/v2\/product_tag?post=49188"}],"curies":[{"name":"wp","href":"https:\/\/api.w.org\/{rel}","templated":true}]}}