{"id":53481,"date":"2025-01-04T12:01:55","date_gmt":"2025-01-04T12:01:55","guid":{"rendered":"https:\/\/centrobebe.es\/?post_type=product&#038;p=53481"},"modified":"2026-03-06T11:20:59","modified_gmt":"2026-03-06T11:20:59","slug":"cochecito-bebe-cam-modus","status":"publish","type":"product","link":"https:\/\/centrobebe.es\/en\/shop\/centrobebe\/cochecitos-y-sillas-de-paseo-de-bebe\/cochecitos-bebe\/cochecitos-dos-piezas\/cochecito-bebe-cam-modus\/","title":{"rendered":"Cochecito bebe Cam MODUS Dos Piezas (opci\u00f3n 3 piezas)"},"content":{"rendered":"<h1>Coche Cam Modus<\/h1>\n<div>Cam Modus es el nuevo carrito de bebe de la marca Italiana CAM para ni\u00f1oas de 0 a 22 kg<\/div>\n<div>\n<div class=\"col-12\">\n<h2 class=\"text-uppercase font-weight-semibold mb-1\">Descripci\u00f3n<\/h2>\n<p class=\"gt-block\"><strong>CAPAZO<\/strong><\/p>\n<ul>\n<li>Grande y espacioso, ideal para reci\u00e9n nacidos de hasta 9 kg<\/li>\n<li>Estilo moderno y vanguardista, tejidos italianos de calidad.<\/li>\n<li>Con el nuevo colch\u00f3n Simply dise\u00f1ado para el bienestar del reci\u00e9n nacido<\/li>\n<li>Cubra el salpicadero con cortavientos<\/li>\n<li>Funda abrible con cremallera equipada con doble cursor para apertura total o parcial.<\/li>\n<li>Compartimento de almacenamiento dentro de la silla de ruedas y bolsillo de almacenamiento con cremallera<\/li>\n<li>Interior 100% algod\u00f3n a juego con el tejido del cochecito.<\/li>\n<li>Respaldo regulable en 4 posiciones<\/li>\n<li>Fondo ventilado con sistema de apertura\/cierre para promover la circulaci\u00f3n del aire y la humedad corporal.<\/li>\n<li>Base mecedora<\/li>\n<li>Toldo con protecci\u00f3n solar UPF50+<\/li>\n<li>Marquesina con ventana grande y mosquitera.<\/li>\n<li>Pr\u00e1ctico mecanismo de presi\u00f3n para soltar la capota.<\/li>\n<li>Apertura magn\u00e9tica en la parte delantera de la silla de ruedas, ideal para las estaciones m\u00e1s c\u00e1lidas<\/li>\n<li>Bolso elegante con bolsillos de almacenamiento y cambiador<\/li>\n<li>Colch\u00f3n Simply, incluido y modo doble uso: cara de bamb\u00fa fresco con disco antiplagiocefalia para reducir el riesgo de s\u00edndrome de cabeza plana y cara de malla 3D transpirable para favorecer la circulaci\u00f3n del aire y la evacuaci\u00f3n de la humedad corporal.<\/li>\n<\/ul>\n<p><img fetchpriority=\"high\" decoding=\"async\" class=\"aligncenter wp-image-53483 size-full\" src=\"https:\/\/centrobebe.es\/wp-content\/uploads\/2025\/01\/MODUS-1.jpg\" alt=\"coche cam modus\" width=\"865\" height=\"289\" srcset=\"https:\/\/centrobebe.es\/wp-content\/uploads\/2025\/01\/MODUS-1.jpg 865w, https:\/\/centrobebe.es\/wp-content\/uploads\/2025\/01\/MODUS-1-360x120.jpg 360w, https:\/\/centrobebe.es\/wp-content\/uploads\/2025\/01\/MODUS-1-18x6.jpg 18w, https:\/\/centrobebe.es\/wp-content\/uploads\/2025\/01\/MODUS-1-142x47.jpg 142w, https:\/\/centrobebe.es\/wp-content\/uploads\/2025\/01\/MODUS-1-748x250.jpg 748w, https:\/\/centrobebe.es\/wp-content\/uploads\/2025\/01\/MODUS-1-159x53.jpg 159w\" sizes=\"(max-width: 865px) 100vw, 865px\" \/><\/p>\n<p class=\"gt-block\"><strong>CHASIS Y SILLA<\/strong><\/p>\n<ul>\n<li>marco de aluminio<\/li>\n<li>Dise\u00f1o moderno y minimalista.<\/li>\n<li>Homologado de 0 a 4 a\u00f1os (hasta 22 kg)<\/li>\n<li>Asiento largo, espacioso y reversible (de 0 a 1 a\u00f1o mirando a la madre y de 1 a 4 a\u00f1os mirando hacia adelante)<\/li>\n<li>Mango telesc\u00f3pico con bot\u00f3n de cierre derecho e izquierdo (perfecto tanto para diestros como zurdos), regulable con una mano en 5 posiciones<\/li>\n<li>Asa de mano y asa de cierre.<\/li>\n<li>Acabados de alta calidad y detalles coloreados a juego con el color del textil.<\/li>\n<li>Respaldo anat\u00f3mico, c\u00f3modo y contenedor.<\/li>\n<li>Respaldo y asiento con grandes inserciones de malla 3D, para favorecer la circulaci\u00f3n del aire y la evacuaci\u00f3n de la humedad, garantizando as\u00ed un mayor bienestar para el ni\u00f1o.<\/li>\n<li>Arn\u00e9s de 5 puntos y correas de hombro de malla 3D<\/li>\n<li>Frontal con sistema de cierre sincronizado para hacer m\u00e1s f\u00e1cil y r\u00e1pido el plegado de la silla de paseo<\/li>\n<li>Toldo con protecci\u00f3n solar UPF50+<\/li>\n<li>Marquesina extensible con ventana y mosquitera.<\/li>\n<li>Reposapi\u00e9s con inserci\u00f3n de ecopiel para reducir la posibilidad de ensuciar la tela con los zapatos.<\/li>\n<li>Cubrepiernas espacioso, perfecto para las estaciones m\u00e1s fr\u00edas.<\/li>\n<li>Cesta de almacenamiento grande y espaciosa<\/li>\n<li>Ruedas todoterreno, ideales en todos los terrenos<\/li>\n<li>Ruedas traseras con rodamientos de bolas.<\/li>\n<li>Suspensi\u00f3n suave y larga en todas las ruedas.<\/li>\n<li>Bloqueo de giro autom\u00e1tico en las ruedas delanteras.<\/li>\n<li>Freno sincronizado en las ruedas traseras.<\/li>\n<li>Sistema de desbloqueo pr\u00e1ctico y f\u00e1cil para todas las ruedas.<\/li>\n<li>Cierre r\u00e1pido y sencillo con una sola mano<\/li>\n<li>S\u00faper compacto, es el m\u00e1s peque\u00f1o de la categor\u00eda.<\/li>\n<li>Accesorios incluidos: bolso con cambiador, capota y cubrepiernas para silla de paseo, funda para lluvia, cesta<\/li>\n<li>Todas las fundas son desenfundables y lavables a 30\u00b0C.<\/li>\n<\/ul>\n<p class=\"gt-block\"><strong>ASIENTO PARA COCHE (OPCIONAL)<\/strong><\/p>\n<p>Doble posibilidad:<\/p>\n<ul>\n<li><a href=\"https:\/\/www.babyhouse.biz\/es\/shop\/seggiolini-auto-e-accessori\/i-size-40-75-cm\/cam-seggiolino-area-zero-per-modus-e-techno\/\"><strong><em>\u00c1rea Cero+<\/em><\/strong><strong><em>\u00a0<\/em><\/strong>arte. S138\/760<\/a>\u00a0Homologada seg\u00fan la normativa R-129 I-Size, utilizable de 40 a 75 cm, con respaldo fijo.\u00a0\u00a0<a href=\"https:\/\/www.babyhouse.biz\/es\/shop\/seggiolini-auto-e-accessori\/basi-seggiolino-auto\/cam-base-2in1-isofix\/\">Base 2 en 1 (opcional) art. S132<\/a>.<\/li>\n<li><a href=\"https:\/\/www.babyhouse.biz\/es\/shop\/seggiolini-auto-e-accessori\/i-size-40-87-cm\/cam-seggiolino-relax-i-size-per-modus-e-techno\/\"><strong><em>Rel\u00e1jate I-Size\u00a0<\/em><\/strong>arte. S177\/179<\/a>\u00a0Homologada seg\u00fan la normativa R-129 I-Size, utilizable de 40 a 87 cm, con respaldo regulable en 2 posiciones.\u00a0<a href=\"https:\/\/www.babyhouse.biz\/es\/shop\/seggiolini-auto-e-accessori\/basi-seggiolino-auto\/cam-base-relax-i-size\/\">Base 360\u00b0 Relax I-Size (opcional) art. S178.<\/a><\/li>\n<\/ul>\n<\/div>\n<div class=\"col-12\">\n<h2 class=\"text-uppercase font-weight-semibold mb-1\">Dimensiones y pesos<\/h2>\n<p class=\"gt-block\"><strong>Capazo interno:<\/strong><\/p>\n<ul>\n<li>L 36 \u2013 P 83 \u2013 Al 22\/20 cm<\/li>\n<li>Peso: 4,9 kg<\/li>\n<\/ul>\n<p class=\"gt-block\"><strong>Silla de ruedas + Estructura:<\/strong><\/p>\n<ul>\n<li>Abierto: L 53 \u2013 P 95 \u2013 Al 116 cm<\/li>\n<li>Peso: 13,4 kg<\/li>\n<\/ul>\n<p class=\"gt-block\"><strong>Cuadro:<\/strong><\/p>\n<ul>\n<li>Abierto: L 53 \u2013 P 95 \u2013 Al 108 cm<\/li>\n<li>Cerrado: L 53 \u2013 P 33 \u2013 H 79 cm<\/li>\n<li>Peso: 8,5 kg<\/li>\n<\/ul>\n<p class=\"gt-block\"><strong>Paseante:<\/strong><\/p>\n<ul>\n<li>Abierto: L 53 \u2013 P 95 \u2013 Al 108 cm<\/li>\n<li>Cerrado: L53 \u2013 P 37 \u2013 Al 79 cm<\/li>\n<li>Peso: 10.5 kg<\/li>\n<\/ul>\n<\/div>\n<\/div>\n<div><\/div>\n<div><\/div>\n<div>\n<div>En Centrobebe disponemos de una amplia variedad de <a href=\"https:\/\/centrobebe.es\/en\/product-category\/centrobebe\/cochecitos-y-sillas-de-paseo-de-bebe\/sillas-de-paseo-ligeras-baratas\/\">sillas de paseo<\/a> baratas de las principales marcas del mercado que garantizan la calidad y la asistencia t\u00e9cnica ante cualquier incidencia. Encuentra la m\u00e1s acorde con tus necesidades.<\/div>\n<div><\/div>\n<p>Si necesitas m\u00e1s informaci\u00f3n sobre los productos para beb\u00e9s, no dudes en ponerte en contacto con nuestro equipo de profesionales. Estaremos encantados de ayudarte y aconsejarte sobre los beneficios que te aporta cada producto.<\/p>\n<\/div>","protected":false},"excerpt":{"rendered":"<p>Cam Modus es el nuevo carrito de bebe de la marca Italiana CAM para ni\u00f1oas de 0 a 22 kg<\/p>","protected":false},"featured_media":53520,"template":"","meta":[],"pwb-brand":[431],"product_cat":[585],"product_tag":[],"class_list":{"0":"post-53481","1":"product","2":"type-product","3":"status-publish","4":"has-post-thumbnail","6":"pwb-brand-cam","7":"product_cat-cochecitos-dos-piezas","8":"pa_color-rosa-claro","9":"pa_color-beige","10":"pa_color-gris","11":"pa_color-verde-oliva","12":"tm-no-options","14":"first","15":"instock","16":"taxable","17":"shipping-taxable","18":"purchasable","19":"product-type-variable","20":"wvs-archive-product-wrapper"},"yoast_head":"<!-- This site is optimized with the Yoast SEO plugin v26.9 - https:\/\/yoast.com\/product\/yoast-seo-wordpress\/ -->\n<title>Coche Cam MODUS - Carritos 2025 - Centrobeb\u00e9<\/title>\n<meta name=\"description\" content=\"Cam Modus es el nuevo carrito de bebe de la marca Italiana CAM para ni\u00f1oas de 0 a 22 kg. Compralo al mejor precio en Centrobebe!!\" \/>\n<meta name=\"robots\" content=\"index, follow, max-snippet:-1, max-image-preview:large, max-video-preview:-1\" \/>\n<link rel=\"canonical\" href=\"https:\/\/centrobebe.es\/en\/shop\/centrobebe\/cochecitos-y-sillas-de-paseo-de-bebe\/cochecitos-bebe\/cochecitos-dos-piezas\/cochecito-bebe-cam-modus\/\" \/>\n<meta property=\"og:locale\" content=\"en_GB\" \/>\n<meta property=\"og:type\" content=\"article\" \/>\n<meta property=\"og:title\" content=\"Coche Cam MODUS - Carritos 2025 - Centrobeb\u00e9\" \/>\n<meta property=\"og:description\" content=\"Cam Modus es el nuevo carrito de bebe de la marca Italiana CAM para ni\u00f1oas de 0 a 22 kg. Compralo al mejor precio en Centrobebe!!\" \/>\n<meta property=\"og:url\" content=\"https:\/\/centrobebe.es\/en\/shop\/centrobebe\/cochecitos-y-sillas-de-paseo-de-bebe\/cochecitos-bebe\/cochecitos-dos-piezas\/cochecito-bebe-cam-modus\/\" \/>\n<meta property=\"og:site_name\" content=\"Centrobeb\u00e9\" \/>\n<meta property=\"article:publisher\" content=\"https:\/\/www.facebook.com\/centrobebe\/\" \/>\n<meta property=\"article:modified_time\" content=\"2026-03-06T11:20:59+00:00\" \/>\n<meta property=\"og:image\" content=\"https:\/\/centrobebe.es\/wp-content\/uploads\/2025\/01\/Modusduo_Verdechiaro_Nero_14.638657900083924376.jpg\" \/>\n\t<meta property=\"og:image:width\" content=\"980\" \/>\n\t<meta property=\"og:image:height\" content=\"899\" \/>\n\t<meta property=\"og:image:type\" content=\"image\/jpeg\" \/>\n<meta name=\"twitter:card\" content=\"summary_large_image\" \/>\n<meta name=\"twitter:site\" content=\"@centrobebe\" \/>\n<meta name=\"twitter:label1\" content=\"Estimated reading time\" \/>\n\t<meta name=\"twitter:data1\" content=\"4 minutes\" \/>\n<script type=\"application\/ld+json\" class=\"yoast-schema-graph\">{\"@context\":\"https:\/\/schema.org\",\"@graph\":[{\"@type\":\"WebPage\",\"@id\":\"https:\/\/centrobebe.es\/shop\/centrobebe\/cochecitos-y-sillas-de-paseo-de-bebe\/cochecitos-bebe\/cochecitos-dos-piezas\/cochecito-bebe-cam-modus\/\",\"url\":\"https:\/\/centrobebe.es\/shop\/centrobebe\/cochecitos-y-sillas-de-paseo-de-bebe\/cochecitos-bebe\/cochecitos-dos-piezas\/cochecito-bebe-cam-modus\/\",\"name\":\"Coche Cam MODUS - Carritos 2025 - Centrobeb\u00e9\",\"isPartOf\":{\"@id\":\"https:\/\/centrobebe.es\/#website\"},\"primaryImageOfPage\":{\"@id\":\"https:\/\/centrobebe.es\/shop\/centrobebe\/cochecitos-y-sillas-de-paseo-de-bebe\/cochecitos-bebe\/cochecitos-dos-piezas\/cochecito-bebe-cam-modus\/#primaryimage\"},\"image\":{\"@id\":\"https:\/\/centrobebe.es\/shop\/centrobebe\/cochecitos-y-sillas-de-paseo-de-bebe\/cochecitos-bebe\/cochecitos-dos-piezas\/cochecito-bebe-cam-modus\/#primaryimage\"},\"thumbnailUrl\":\"https:\/\/centrobebe.es\/wp-content\/uploads\/2025\/01\/Modusduo_Verdechiaro_Nero_14.638657900083924376.jpg\",\"datePublished\":\"2025-01-04T12:01:55+00:00\",\"dateModified\":\"2026-03-06T11:20:59+00:00\",\"description\":\"Cam Modus es el nuevo carrito de bebe de la marca Italiana CAM para ni\u00f1oas de 0 a 22 kg. Compralo al mejor precio en Centrobebe!!\",\"breadcrumb\":{\"@id\":\"https:\/\/centrobebe.es\/shop\/centrobebe\/cochecitos-y-sillas-de-paseo-de-bebe\/cochecitos-bebe\/cochecitos-dos-piezas\/cochecito-bebe-cam-modus\/#breadcrumb\"},\"inLanguage\":\"en-GB\",\"potentialAction\":[{\"@type\":\"ReadAction\",\"target\":[\"https:\/\/centrobebe.es\/shop\/centrobebe\/cochecitos-y-sillas-de-paseo-de-bebe\/cochecitos-bebe\/cochecitos-dos-piezas\/cochecito-bebe-cam-modus\/\"]}]},{\"@type\":\"ImageObject\",\"inLanguage\":\"en-GB\",\"@id\":\"https:\/\/centrobebe.es\/shop\/centrobebe\/cochecitos-y-sillas-de-paseo-de-bebe\/cochecitos-bebe\/cochecitos-dos-piezas\/cochecito-bebe-cam-modus\/#primaryimage\",\"url\":\"https:\/\/centrobebe.es\/wp-content\/uploads\/2025\/01\/Modusduo_Verdechiaro_Nero_14.638657900083924376.jpg\",\"contentUrl\":\"https:\/\/centrobebe.es\/wp-content\/uploads\/2025\/01\/Modusduo_Verdechiaro_Nero_14.638657900083924376.jpg\",\"width\":980,\"height\":899,\"caption\":\"coche cam modus\"},{\"@type\":\"BreadcrumbList\",\"@id\":\"https:\/\/centrobebe.es\/shop\/centrobebe\/cochecitos-y-sillas-de-paseo-de-bebe\/cochecitos-bebe\/cochecitos-dos-piezas\/cochecito-bebe-cam-modus\/#breadcrumb\",\"itemListElement\":[{\"@type\":\"ListItem\",\"position\":1,\"name\":\"Portada\",\"item\":\"https:\/\/centrobebe.es\/\"},{\"@type\":\"ListItem\",\"position\":2,\"name\":\"Shop\",\"item\":\"https:\/\/centrobebe.es\/shop\/\"},{\"@type\":\"ListItem\",\"position\":3,\"name\":\"Cochecito bebe Cam MODUS Dos Piezas (opci\u00f3n 3 piezas)\"}]},{\"@type\":\"WebSite\",\"@id\":\"https:\/\/centrobebe.es\/#website\",\"url\":\"https:\/\/centrobebe.es\/\",\"name\":\"Centrobeb\u00e9\",\"description\":\"Tienda de bebe online | Todo lo que tu bebe necesita\",\"publisher\":{\"@id\":\"https:\/\/centrobebe.es\/#organization\"},\"alternateName\":\"Centrobeb\u00e9\",\"potentialAction\":[{\"@type\":\"SearchAction\",\"target\":{\"@type\":\"EntryPoint\",\"urlTemplate\":\"https:\/\/centrobebe.es\/?s={search_term_string}\"},\"query-input\":{\"@type\":\"PropertyValueSpecification\",\"valueRequired\":true,\"valueName\":\"search_term_string\"}}],\"inLanguage\":\"en-GB\"},{\"@type\":\"Organization\",\"@id\":\"https:\/\/centrobebe.es\/#organization\",\"name\":\"Centrobebe\",\"alternateName\":\"Centrobebe\",\"url\":\"https:\/\/centrobebe.es\/\",\"logo\":{\"@type\":\"ImageObject\",\"inLanguage\":\"en-GB\",\"@id\":\"https:\/\/centrobebe.es\/#\/schema\/logo\/image\/\",\"url\":\"https:\/\/centrobebe.es\/wp-content\/uploads\/2018\/06\/icono3-e1557940133982.png\",\"contentUrl\":\"https:\/\/centrobebe.es\/wp-content\/uploads\/2018\/06\/icono3-e1557940133982.png\",\"width\":34,\"height\":29,\"caption\":\"Centrobebe\"},\"image\":{\"@id\":\"https:\/\/centrobebe.es\/#\/schema\/logo\/image\/\"},\"sameAs\":[\"https:\/\/www.facebook.com\/centrobebe\/\",\"https:\/\/x.com\/centrobebe\",\"https:\/\/www.instagram.com\/centrobebe.es\/\",\"https:\/\/www.youtube.com\/channel\/UCVU-jcFuwntnxOhxvSbf3hg\"]}]}<\/script>\n<!-- \/ Yoast SEO plugin. -->","yoast_head_json":{"title":"Coche Cam MODUS - Carritos 2025 - Centrobeb\u00e9","description":"Cam Modus es el nuevo carrito de bebe de la marca Italiana CAM para ni\u00f1oas de 0 a 22 kg. Compralo al mejor precio en Centrobebe!!","robots":{"index":"index","follow":"follow","max-snippet":"max-snippet:-1","max-image-preview":"max-image-preview:large","max-video-preview":"max-video-preview:-1"},"canonical":"https:\/\/centrobebe.es\/en\/shop\/centrobebe\/cochecitos-y-sillas-de-paseo-de-bebe\/cochecitos-bebe\/cochecitos-dos-piezas\/cochecito-bebe-cam-modus\/","og_locale":"en_GB","og_type":"article","og_title":"Coche Cam MODUS - Carritos 2025 - Centrobeb\u00e9","og_description":"Cam Modus es el nuevo carrito de bebe de la marca Italiana CAM para ni\u00f1oas de 0 a 22 kg. Compralo al mejor precio en Centrobebe!!","og_url":"https:\/\/centrobebe.es\/en\/shop\/centrobebe\/cochecitos-y-sillas-de-paseo-de-bebe\/cochecitos-bebe\/cochecitos-dos-piezas\/cochecito-bebe-cam-modus\/","og_site_name":"Centrobeb\u00e9","article_publisher":"https:\/\/www.facebook.com\/centrobebe\/","article_modified_time":"2026-03-06T11:20:59+00:00","og_image":[{"width":980,"height":899,"url":"https:\/\/centrobebe.es\/wp-content\/uploads\/2025\/01\/Modusduo_Verdechiaro_Nero_14.638657900083924376.jpg","type":"image\/jpeg"}],"twitter_card":"summary_large_image","twitter_site":"@centrobebe","twitter_misc":{"Estimated reading time":"4 minutes"},"schema":{"@context":"https:\/\/schema.org","@graph":[{"@type":"WebPage","@id":"https:\/\/centrobebe.es\/shop\/centrobebe\/cochecitos-y-sillas-de-paseo-de-bebe\/cochecitos-bebe\/cochecitos-dos-piezas\/cochecito-bebe-cam-modus\/","url":"https:\/\/centrobebe.es\/shop\/centrobebe\/cochecitos-y-sillas-de-paseo-de-bebe\/cochecitos-bebe\/cochecitos-dos-piezas\/cochecito-bebe-cam-modus\/","name":"Coche Cam MODUS - Carritos 2025 - Centrobeb\u00e9","isPartOf":{"@id":"https:\/\/centrobebe.es\/#website"},"primaryImageOfPage":{"@id":"https:\/\/centrobebe.es\/shop\/centrobebe\/cochecitos-y-sillas-de-paseo-de-bebe\/cochecitos-bebe\/cochecitos-dos-piezas\/cochecito-bebe-cam-modus\/#primaryimage"},"image":{"@id":"https:\/\/centrobebe.es\/shop\/centrobebe\/cochecitos-y-sillas-de-paseo-de-bebe\/cochecitos-bebe\/cochecitos-dos-piezas\/cochecito-bebe-cam-modus\/#primaryimage"},"thumbnailUrl":"https:\/\/centrobebe.es\/wp-content\/uploads\/2025\/01\/Modusduo_Verdechiaro_Nero_14.638657900083924376.jpg","datePublished":"2025-01-04T12:01:55+00:00","dateModified":"2026-03-06T11:20:59+00:00","description":"Cam Modus es el nuevo carrito de bebe de la marca Italiana CAM para ni\u00f1oas de 0 a 22 kg. Compralo al mejor precio en Centrobebe!!","breadcrumb":{"@id":"https:\/\/centrobebe.es\/shop\/centrobebe\/cochecitos-y-sillas-de-paseo-de-bebe\/cochecitos-bebe\/cochecitos-dos-piezas\/cochecito-bebe-cam-modus\/#breadcrumb"},"inLanguage":"en-GB","potentialAction":[{"@type":"ReadAction","target":["https:\/\/centrobebe.es\/shop\/centrobebe\/cochecitos-y-sillas-de-paseo-de-bebe\/cochecitos-bebe\/cochecitos-dos-piezas\/cochecito-bebe-cam-modus\/"]}]},{"@type":"ImageObject","inLanguage":"en-GB","@id":"https:\/\/centrobebe.es\/shop\/centrobebe\/cochecitos-y-sillas-de-paseo-de-bebe\/cochecitos-bebe\/cochecitos-dos-piezas\/cochecito-bebe-cam-modus\/#primaryimage","url":"https:\/\/centrobebe.es\/wp-content\/uploads\/2025\/01\/Modusduo_Verdechiaro_Nero_14.638657900083924376.jpg","contentUrl":"https:\/\/centrobebe.es\/wp-content\/uploads\/2025\/01\/Modusduo_Verdechiaro_Nero_14.638657900083924376.jpg","width":980,"height":899,"caption":"coche cam modus"},{"@type":"BreadcrumbList","@id":"https:\/\/centrobebe.es\/shop\/centrobebe\/cochecitos-y-sillas-de-paseo-de-bebe\/cochecitos-bebe\/cochecitos-dos-piezas\/cochecito-bebe-cam-modus\/#breadcrumb","itemListElement":[{"@type":"ListItem","position":1,"name":"Portada","item":"https:\/\/centrobebe.es\/"},{"@type":"ListItem","position":2,"name":"Shop","item":"https:\/\/centrobebe.es\/shop\/"},{"@type":"ListItem","position":3,"name":"Cochecito bebe Cam MODUS Dos Piezas (opci\u00f3n 3 piezas)"}]},{"@type":"WebSite","@id":"https:\/\/centrobebe.es\/#website","url":"https:\/\/centrobebe.es\/","name":"Centrobeb\u00e9","description":"Tienda de bebe online | Todo lo que tu bebe necesita","publisher":{"@id":"https:\/\/centrobebe.es\/#organization"},"alternateName":"Centrobeb\u00e9","potentialAction":[{"@type":"SearchAction","target":{"@type":"EntryPoint","urlTemplate":"https:\/\/centrobebe.es\/?s={search_term_string}"},"query-input":{"@type":"PropertyValueSpecification","valueRequired":true,"valueName":"search_term_string"}}],"inLanguage":"en-GB"},{"@type":"Organization","@id":"https:\/\/centrobebe.es\/#organization","name":"Centrobebe","alternateName":"Centrobebe","url":"https:\/\/centrobebe.es\/","logo":{"@type":"ImageObject","inLanguage":"en-GB","@id":"https:\/\/centrobebe.es\/#\/schema\/logo\/image\/","url":"https:\/\/centrobebe.es\/wp-content\/uploads\/2018\/06\/icono3-e1557940133982.png","contentUrl":"https:\/\/centrobebe.es\/wp-content\/uploads\/2018\/06\/icono3-e1557940133982.png","width":34,"height":29,"caption":"Centrobebe"},"image":{"@id":"https:\/\/centrobebe.es\/#\/schema\/logo\/image\/"},"sameAs":["https:\/\/www.facebook.com\/centrobebe\/","https:\/\/x.com\/centrobebe","https:\/\/www.instagram.com\/centrobebe.es\/","https:\/\/www.youtube.com\/channel\/UCVU-jcFuwntnxOhxvSbf3hg"]}]}},"brands":[{"id":431,"name":"Cam","slug":"cam"}],"_links":{"self":[{"href":"https:\/\/centrobebe.es\/en\/wp-json\/wp\/v2\/product\/53481","targetHints":{"allow":["GET"]}}],"collection":[{"href":"https:\/\/centrobebe.es\/en\/wp-json\/wp\/v2\/product"}],"about":[{"href":"https:\/\/centrobebe.es\/en\/wp-json\/wp\/v2\/types\/product"}],"version-history":[{"count":5,"href":"https:\/\/centrobebe.es\/en\/wp-json\/wp\/v2\/product\/53481\/revisions"}],"predecessor-version":[{"id":58148,"href":"https:\/\/centrobebe.es\/en\/wp-json\/wp\/v2\/product\/53481\/revisions\/58148"}],"wp:featuredmedia":[{"embeddable":true,"href":"https:\/\/centrobebe.es\/en\/wp-json\/wp\/v2\/media\/53520"}],"wp:attachment":[{"href":"https:\/\/centrobebe.es\/en\/wp-json\/wp\/v2\/media?parent=53481"}],"wp:term":[{"taxonomy":"pwb-brand","embeddable":true,"href":"https:\/\/centrobebe.es\/en\/wp-json\/wp\/v2\/pwb-brand?post=53481"},{"taxonomy":"product_cat","embeddable":true,"href":"https:\/\/centrobebe.es\/en\/wp-json\/wp\/v2\/product_cat?post=53481"},{"taxonomy":"product_tag","embeddable":true,"href":"https:\/\/centrobebe.es\/en\/wp-json\/wp\/v2\/product_tag?post=53481"}],"curies":[{"name":"wp","href":"https:\/\/api.w.org\/{rel}","templated":true}]}}