{"id":53584,"date":"2025-01-10T11:35:33","date_gmt":"2025-01-10T11:35:33","guid":{"rendered":"https:\/\/centrobebe.es\/?post_type=product&#038;p=53584"},"modified":"2026-03-02T09:27:47","modified_gmt":"2026-03-02T09:27:47","slug":"cochecito-jane-keep","status":"publish","type":"product","link":"https:\/\/centrobebe.es\/en\/shop\/centrobebe\/cochecitos-y-sillas-de-paseo-de-bebe\/cochecitos-bebe\/cochecitos-dos-piezas\/cochecito-jane-keep\/","title":{"rendered":"Cochecito Jane KEEP Dos Piezas (Opci\u00f3n 3 Piezas)"},"content":{"rendered":"<h1>Cochecito Jane KEEP<\/h1>\n<p>Carro Jane Keep, es el nuevo y novedoso coche de Jan\u00e9 que estar\u00e1 disponible en la nueva colecci\u00f3n 2025<\/p>\n<p><img fetchpriority=\"high\" decoding=\"async\" class=\"aligncenter wp-image-53766\" src=\"https:\/\/centrobebe.es\/wp-content\/uploads\/2025\/01\/keep-capazo.jpg\" alt=\"coche jane keep\" width=\"836\" height=\"400\" srcset=\"https:\/\/centrobebe.es\/wp-content\/uploads\/2025\/01\/keep-capazo.jpg 1208w, https:\/\/centrobebe.es\/wp-content\/uploads\/2025\/01\/keep-capazo-360x172.jpg 360w, https:\/\/centrobebe.es\/wp-content\/uploads\/2025\/01\/keep-capazo-18x9.jpg 18w, https:\/\/centrobebe.es\/wp-content\/uploads\/2025\/01\/keep-capazo-142x68.jpg 142w, https:\/\/centrobebe.es\/wp-content\/uploads\/2025\/01\/keep-capazo-522x250.jpg 522w, https:\/\/centrobebe.es\/wp-content\/uploads\/2025\/01\/keep-capazo-111x53.jpg 111w\" sizes=\"(max-width: 836px) 100vw, 836px\" \/><\/p>\n<p><iframe title=\"Jan\u00e9 Keep ES\" width=\"1220\" height=\"686\" src=\"https:\/\/www.youtube.com\/embed\/4vOsj5e1dyo?feature=oembed\" frameborder=\"0\" allow=\"accelerometer; autoplay; clipboard-write; encrypted-media; gyroscope; picture-in-picture; web-share\" referrerpolicy=\"strict-origin-when-cross-origin\" allowfullscreen><\/iframe><\/p>\n<p>Jane Keep, el cochecito del futuro, est\u00e1 dise\u00f1ado para las familias que buscan seguridad y comodidad para sus beb\u00e9s sin renunciar al dise\u00f1o y al estilo. El nuevo carrito de Jan\u00e9 destaca por sus m\u00faltiples prestaciones \u00fanicas: gran ligereza, plegado f\u00e1cil y compacto, y un avanzado sistema de luces SMA.<\/p>\n<p>Dise\u00f1ado para garantizar la comodidad, protecci\u00f3n y un desarrollo saludable del beb\u00e9. El capazo Sleep incluye de serie un colch\u00f3n de alta calidad, elaborado con materiales extremadamente confortables; combina espuma y malla 3D transpirable, adem\u00e1s de un coj\u00edn ergon\u00f3mico que ayuda a prevenir la plagiocefalia.<\/p>\n<h2>Caracter\u00edsticas Silla Jane Keep<\/h2>\n<p><img decoding=\"async\" class=\"aligncenter wp-image-53765 size-full\" src=\"https:\/\/centrobebe.es\/wp-content\/uploads\/2025\/01\/KEEP-CARACTERISTICAS.jpg\" alt=\"coche jane keep\" width=\"1190\" height=\"893\" srcset=\"https:\/\/centrobebe.es\/wp-content\/uploads\/2025\/01\/KEEP-CARACTERISTICAS.jpg 1190w, https:\/\/centrobebe.es\/wp-content\/uploads\/2025\/01\/KEEP-CARACTERISTICAS-360x270.jpg 360w, https:\/\/centrobebe.es\/wp-content\/uploads\/2025\/01\/KEEP-CARACTERISTICAS-786x590.jpg 786w, https:\/\/centrobebe.es\/wp-content\/uploads\/2025\/01\/KEEP-CARACTERISTICAS-16x12.jpg 16w, https:\/\/centrobebe.es\/wp-content\/uploads\/2025\/01\/KEEP-CARACTERISTICAS-142x107.jpg 142w, https:\/\/centrobebe.es\/wp-content\/uploads\/2025\/01\/KEEP-CARACTERISTICAS-333x250.jpg 333w, https:\/\/centrobebe.es\/wp-content\/uploads\/2025\/01\/KEEP-CARACTERISTICAS-71x53.jpg 71w\" sizes=\"(max-width: 1190px) 100vw, 1190px\" \/><\/p>\n<p>&nbsp;<\/p>\n<p>Chasis ligero con plegado sencillo con una sola mano, incluso con la hamaca instalada.<\/p>\n<p>Hamaca con respaldo de 53 cm de altura, reclinable en 3 posiciones (100\u00b0 &#8211; 170\u00b0).<\/p>\n<p>Hamaca reversible, orientable en ambos sentidos de la marcha.<\/p>\n<p>Reposapi\u00e9s ajustable en 3 posiciones.<\/p>\n<p>Se mantiene de pie una vez plegado.<\/p>\n<p>Arn\u00e9s de 5 puntos con cierre magn\u00e9tico y ajuste sencillo con solo tirar de la correa<\/p>\n<p>Sistema de anclaje Go-fix, muy f\u00e1cil de anclar el capazo y el portabeb\u00e9<\/p>\n<p>Freno f\u00e1cil de accionar y desbloquear con la planta del pie.<\/p>\n<p>&nbsp;<\/p>\n<p>Manillar de polipiel regulable en altura.<\/p>\n<p>Plegado f\u00e1cil y compacto con la hamaca instalada en ambos sentidos de la marcha.<\/p>\n<p>Cestilla con compartimento t\u00e9rmico,impermeable y cierre de cremallera.<\/p>\n<p>Ruedas de PU grabado, dise\u00f1adas para moverse f\u00e1cilmente en cualquier tipo de superficie.<\/p>\n<p>Capota extensible con cremallera y rejilla de aireaci\u00f3n.<\/p>\n<p>Bumper extra\u00edble y articulable<\/p>\n<p>Sistema de luces SMA (Smart Mobility Assistance) integrado, para mayor protecci\u00f3n y visibilidad. Incluye 4 programas de luz y un sensor de ultrasonidos que detecta la presencia a 3 metros de distancia.<\/p>\n<h2>Caracter\u00edsticas nuevo Capazo Speep<\/h2>\n<p><img decoding=\"async\" class=\"aligncenter wp-image-53767 size-large\" src=\"https:\/\/centrobebe.es\/wp-content\/uploads\/2025\/01\/keep-capazo-sweet-2-788x590.jpg\" alt=\"coche jane keep\" width=\"788\" height=\"590\" srcset=\"https:\/\/centrobebe.es\/wp-content\/uploads\/2025\/01\/keep-capazo-sweet-2-788x590.jpg 788w, https:\/\/centrobebe.es\/wp-content\/uploads\/2025\/01\/keep-capazo-sweet-2.jpg 1152w\" sizes=\"(max-width: 788px) 100vw, 788px\" \/><\/p>\n<p>&nbsp;<\/p>\n<p>Tejido exterior sostenible, fabricado con materiales 100% reciclados.<\/p>\n<p>Ventanas con cierre de cremallera en la parte trasera, que favorece la circulaci\u00f3n del aire.<\/p>\n<p>Interior amplio, pensado para ofrecer el m\u00e1ximo confort al beb\u00e9<\/p>\n<p>Se acopla f\u00e1cilmente al chasis gracias al sistema Go-fix.<\/p>\n<p>Colch\u00f3n transpirable con malla 3D interior y coj\u00edn ergon\u00f3mico, dise\u00f1ado para prevenir la plagiocefalia.<\/p>\n<p>Respaldo ajustable en 2 posiciones<\/p>\n<p>Capota extensible con panel de rejilla para mayor ventilaci\u00f3n<\/p>\n<p>Capazo plegable, ideal para facilitar el transporte y el almacenamiento<\/p>\n<p><img loading=\"lazy\" decoding=\"async\" class=\"aligncenter wp-image-53768 size-full\" src=\"https:\/\/centrobebe.es\/wp-content\/uploads\/2025\/01\/keep-capazo-sweet-1.jpg\" alt=\"coche jane keep\" width=\"776\" height=\"524\" srcset=\"https:\/\/centrobebe.es\/wp-content\/uploads\/2025\/01\/keep-capazo-sweet-1.jpg 776w, https:\/\/centrobebe.es\/wp-content\/uploads\/2025\/01\/keep-capazo-sweet-1-360x243.jpg 360w, https:\/\/centrobebe.es\/wp-content\/uploads\/2025\/01\/keep-capazo-sweet-1-18x12.jpg 18w, https:\/\/centrobebe.es\/wp-content\/uploads\/2025\/01\/keep-capazo-sweet-1-142x96.jpg 142w, https:\/\/centrobebe.es\/wp-content\/uploads\/2025\/01\/keep-capazo-sweet-1-370x250.jpg 370w, https:\/\/centrobebe.es\/wp-content\/uploads\/2025\/01\/keep-capazo-sweet-1-78x53.jpg 78w\" sizes=\"(max-width: 776px) 100vw, 776px\" \/><\/p>\n<p>&nbsp;<\/p>\n<h2>Sistema de Detecci\u00f3n de Movimiento (SMA, Smart Mobility Assistance) de Jan\u00e9: Seguridad y Visibilidad en Todo Momento<\/h2>\n<p>El nuevo cochecito Jan\u00e9 integra el avanzado sistema de detecci\u00f3n de movimiento (SMA), una soluci\u00f3n de seguridad que utiliza un sensor de ultrasonidos para maximizar la protecci\u00f3n del menor, tanto en movimiento como en reposo. En respuesta a la disminuci\u00f3n de la luz natural durante los meses de invierno, el sistema SMA est\u00e1 dise\u00f1ado para alertar de manera proactiva y aumentar la visibilidad en cualquier situaci\u00f3n.<\/p>\n<p><img loading=\"lazy\" decoding=\"async\" class=\"aligncenter wp-image-53922 size-full\" src=\"https:\/\/centrobebe.es\/wp-content\/uploads\/2025\/01\/sma-jane-keep.jpg\" alt=\"jane keep\" width=\"1297\" height=\"538\" srcset=\"https:\/\/centrobebe.es\/wp-content\/uploads\/2025\/01\/sma-jane-keep.jpg 1297w, https:\/\/centrobebe.es\/wp-content\/uploads\/2025\/01\/sma-jane-keep-360x149.jpg 360w, https:\/\/centrobebe.es\/wp-content\/uploads\/2025\/01\/sma-jane-keep-18x7.jpg 18w, https:\/\/centrobebe.es\/wp-content\/uploads\/2025\/01\/sma-jane-keep-142x59.jpg 142w, https:\/\/centrobebe.es\/wp-content\/uploads\/2025\/01\/sma-jane-keep-603x250.jpg 603w, https:\/\/centrobebe.es\/wp-content\/uploads\/2025\/01\/sma-jane-keep-128x53.jpg 128w\" sizes=\"(max-width: 1297px) 100vw, 1297px\" \/><\/p>\n<p>El sistema SMA consta de 4 programas de luz y est\u00e1 equipado con una bater\u00eda de larga duraci\u00f3n pudiendo tener una autonom\u00eda de hasta 30 horas en modo radar, lo que permite su uso prolongado sin necesidad de recargas frecuentes.<\/p>\n<p>Gracias a este innovador sistema, Jan\u00e9 ofrece una seguridad adicional para cualquier paseo en familia.<\/p>\n<p>&nbsp;<\/p>\n<hr \/>\n<p>VER MAS COCHECITOS DE BEBE\u00a0 DE BEB\u00c9\u00a0<a href=\"https:\/\/centrobebe.es\/en\/product-category\/centrobebe\/cochecitos-y-sillas-de-paseo-de-bebe\/cochecitos-bebe\/\">AQU\u00cd<\/a><\/p>\n<hr \/>\n<p>WEB FABRICANTE:\u00a0<a href=\"https:\/\/janeworld.com\/cochecitos\/muum\/\">AQU\u00cd<\/a><\/p>\n<p><strong>Cochecitos de bebe baratos para comprar Online<\/strong><\/p>\n<p>Centrobebe es la tienda de beb\u00e9 donde comprar tu carrito de beb\u00e9 homologado, hacemos una selecci\u00f3n de <strong>los mejores carritos para bebes de dos y tres piezas\u00a0\u00a0<\/strong>basada en las opiniones de nuestros clientes, desde los m\u00e1s baratos\u00a0 hasta los m\u00e1s exclusivos y con la \u00faltima tecnolog\u00eda.<\/p>\n<p>\u00daltimas novedades para comprar on line en toda clase de carricoches a los mejores precios.<\/p>\n<p>En Centrobebe disponemos de una amplia variedad de\u00a0<strong>coches de beb\u00e9<\/strong>\u00a0de las principales marcas del mercado que garantizan la calidad y la asistencia t\u00e9cnica ante cualquier incidencia.<\/p>\n<p>Puedes comprar on line tu cochecito de bebe al mejor precio.<\/p>","protected":false},"excerpt":{"rendered":"<p>Jane Keep, es el nuevo y novedoso coche de Jan\u00e9 que estar\u00e1 disponible en la nueva colecci\u00f3n 2025 de Jan\u00e9 y ser\u00e1 presentado en la pr\u00f3xima edici\u00f3n de la Feria de Puericultura.<\/p>\n<p>Estaros atentos, en cuanto tengamos material fotogr\u00e1fico y descriptivo los colgaremos en esta ficha<\/p>","protected":false},"featured_media":53797,"template":"","meta":[],"pwb-brand":[385],"product_cat":[154,585],"product_tag":[184,612],"class_list":{"0":"post-53584","1":"product","2":"type-product","3":"status-publish","4":"has-post-thumbnail","6":"pwb-brand-jane","7":"product_cat-cochecitos-bebe","8":"product_cat-cochecitos-dos-piezas","9":"product_tag-jane","10":"product_tag-muum","11":"pa_color-azul-lago","12":"pa_color-beige","13":"pa_color-gris","14":"pa_color-topo","15":"pa_color-verde-oliva","16":"tm-has-options","18":"first","19":"instock","20":"featured","21":"taxable","22":"shipping-taxable","23":"purchasable","24":"product-type-variable","25":"wvs-archive-product-wrapper"},"yoast_head":"<!-- This site is optimized with the Yoast SEO plugin v26.9 - https:\/\/yoast.com\/product\/yoast-seo-wordpress\/ -->\n<title>\u2705Coche Jane Keep- Nueva Coleccion 2025 - Centro Beb\u00e9<\/title>\n<meta name=\"description\" content=\"Jane Keep, es el nuevo y novedoso coche de Jan\u00e9 que estar\u00e1 disponible en la nueva colecci\u00f3n 2025 de Jan\u00e9. DISPONIBLE PROXIMAMENTE!!\" \/>\n<meta name=\"robots\" content=\"index, follow, max-snippet:-1, max-image-preview:large, max-video-preview:-1\" \/>\n<link rel=\"canonical\" href=\"https:\/\/centrobebe.es\/en\/shop\/centrobebe\/cochecitos-y-sillas-de-paseo-de-bebe\/cochecitos-bebe\/cochecitos-dos-piezas\/cochecito-jane-keep\/\" \/>\n<meta property=\"og:locale\" content=\"en_GB\" \/>\n<meta property=\"og:type\" content=\"article\" \/>\n<meta property=\"og:title\" content=\"\u2705Coche Jane Keep- Nueva Coleccion 2025 - Centro Beb\u00e9\" \/>\n<meta property=\"og:description\" content=\"Jane Keep, es el nuevo y novedoso coche de Jan\u00e9 que estar\u00e1 disponible en la nueva colecci\u00f3n 2025 de Jan\u00e9. DISPONIBLE PROXIMAMENTE!!\" \/>\n<meta property=\"og:url\" content=\"https:\/\/centrobebe.es\/en\/shop\/centrobebe\/cochecitos-y-sillas-de-paseo-de-bebe\/cochecitos-bebe\/cochecitos-dos-piezas\/cochecito-jane-keep\/\" \/>\n<meta property=\"og:site_name\" content=\"Centrobeb\u00e9\" \/>\n<meta property=\"article:publisher\" content=\"https:\/\/www.facebook.com\/centrobebe\/\" \/>\n<meta property=\"article:modified_time\" content=\"2026-03-02T09:27:47+00:00\" \/>\n<meta property=\"og:image\" content=\"https:\/\/centrobebe.es\/wp-content\/uploads\/2025\/01\/5717-U78_duo_keep_botanic_01-Copiar.jpg\" \/>\n\t<meta property=\"og:image:width\" content=\"600\" \/>\n\t<meta property=\"og:image:height\" content=\"600\" \/>\n\t<meta property=\"og:image:type\" content=\"image\/jpeg\" \/>\n<meta name=\"twitter:card\" content=\"summary_large_image\" \/>\n<meta name=\"twitter:site\" content=\"@centrobebe\" \/>\n<meta name=\"twitter:label1\" content=\"Estimated reading time\" \/>\n\t<meta name=\"twitter:data1\" content=\"5 minutes\" \/>\n<script type=\"application\/ld+json\" class=\"yoast-schema-graph\">{\"@context\":\"https:\/\/schema.org\",\"@graph\":[{\"@type\":\"WebPage\",\"@id\":\"https:\/\/centrobebe.es\/shop\/centrobebe\/cochecitos-y-sillas-de-paseo-de-bebe\/cochecitos-bebe\/cochecitos-dos-piezas\/cochecito-jane-keep\/\",\"url\":\"https:\/\/centrobebe.es\/shop\/centrobebe\/cochecitos-y-sillas-de-paseo-de-bebe\/cochecitos-bebe\/cochecitos-dos-piezas\/cochecito-jane-keep\/\",\"name\":\"\u2705Coche Jane Keep- Nueva Coleccion 2025 - Centro Beb\u00e9\",\"isPartOf\":{\"@id\":\"https:\/\/centrobebe.es\/#website\"},\"primaryImageOfPage\":{\"@id\":\"https:\/\/centrobebe.es\/shop\/centrobebe\/cochecitos-y-sillas-de-paseo-de-bebe\/cochecitos-bebe\/cochecitos-dos-piezas\/cochecito-jane-keep\/#primaryimage\"},\"image\":{\"@id\":\"https:\/\/centrobebe.es\/shop\/centrobebe\/cochecitos-y-sillas-de-paseo-de-bebe\/cochecitos-bebe\/cochecitos-dos-piezas\/cochecito-jane-keep\/#primaryimage\"},\"thumbnailUrl\":\"https:\/\/centrobebe.es\/wp-content\/uploads\/2025\/01\/5717-U78_duo_keep_botanic_01-Copiar.jpg\",\"datePublished\":\"2025-01-10T11:35:33+00:00\",\"dateModified\":\"2026-03-02T09:27:47+00:00\",\"description\":\"Jane Keep, es el nuevo y novedoso coche de Jan\u00e9 que estar\u00e1 disponible en la nueva colecci\u00f3n 2025 de Jan\u00e9. DISPONIBLE PROXIMAMENTE!!\",\"breadcrumb\":{\"@id\":\"https:\/\/centrobebe.es\/shop\/centrobebe\/cochecitos-y-sillas-de-paseo-de-bebe\/cochecitos-bebe\/cochecitos-dos-piezas\/cochecito-jane-keep\/#breadcrumb\"},\"inLanguage\":\"en-GB\",\"potentialAction\":[{\"@type\":\"ReadAction\",\"target\":[\"https:\/\/centrobebe.es\/shop\/centrobebe\/cochecitos-y-sillas-de-paseo-de-bebe\/cochecitos-bebe\/cochecitos-dos-piezas\/cochecito-jane-keep\/\"]}]},{\"@type\":\"ImageObject\",\"inLanguage\":\"en-GB\",\"@id\":\"https:\/\/centrobebe.es\/shop\/centrobebe\/cochecitos-y-sillas-de-paseo-de-bebe\/cochecitos-bebe\/cochecitos-dos-piezas\/cochecito-jane-keep\/#primaryimage\",\"url\":\"https:\/\/centrobebe.es\/wp-content\/uploads\/2025\/01\/5717-U78_duo_keep_botanic_01-Copiar.jpg\",\"contentUrl\":\"https:\/\/centrobebe.es\/wp-content\/uploads\/2025\/01\/5717-U78_duo_keep_botanic_01-Copiar.jpg\",\"width\":600,\"height\":600,\"caption\":\"coche jane keep\"},{\"@type\":\"BreadcrumbList\",\"@id\":\"https:\/\/centrobebe.es\/shop\/centrobebe\/cochecitos-y-sillas-de-paseo-de-bebe\/cochecitos-bebe\/cochecitos-dos-piezas\/cochecito-jane-keep\/#breadcrumb\",\"itemListElement\":[{\"@type\":\"ListItem\",\"position\":1,\"name\":\"Portada\",\"item\":\"https:\/\/centrobebe.es\/\"},{\"@type\":\"ListItem\",\"position\":2,\"name\":\"Shop\",\"item\":\"https:\/\/centrobebe.es\/shop\/\"},{\"@type\":\"ListItem\",\"position\":3,\"name\":\"Cochecito Jane KEEP Dos Piezas (Opci\u00f3n 3 Piezas)\"}]},{\"@type\":\"WebSite\",\"@id\":\"https:\/\/centrobebe.es\/#website\",\"url\":\"https:\/\/centrobebe.es\/\",\"name\":\"Centrobeb\u00e9\",\"description\":\"Tienda de bebe online | Todo lo que tu bebe necesita\",\"publisher\":{\"@id\":\"https:\/\/centrobebe.es\/#organization\"},\"alternateName\":\"Centrobeb\u00e9\",\"potentialAction\":[{\"@type\":\"SearchAction\",\"target\":{\"@type\":\"EntryPoint\",\"urlTemplate\":\"https:\/\/centrobebe.es\/?s={search_term_string}\"},\"query-input\":{\"@type\":\"PropertyValueSpecification\",\"valueRequired\":true,\"valueName\":\"search_term_string\"}}],\"inLanguage\":\"en-GB\"},{\"@type\":\"Organization\",\"@id\":\"https:\/\/centrobebe.es\/#organization\",\"name\":\"Centrobebe\",\"alternateName\":\"Centrobebe\",\"url\":\"https:\/\/centrobebe.es\/\",\"logo\":{\"@type\":\"ImageObject\",\"inLanguage\":\"en-GB\",\"@id\":\"https:\/\/centrobebe.es\/#\/schema\/logo\/image\/\",\"url\":\"https:\/\/centrobebe.es\/wp-content\/uploads\/2018\/06\/icono3-e1557940133982.png\",\"contentUrl\":\"https:\/\/centrobebe.es\/wp-content\/uploads\/2018\/06\/icono3-e1557940133982.png\",\"width\":34,\"height\":29,\"caption\":\"Centrobebe\"},\"image\":{\"@id\":\"https:\/\/centrobebe.es\/#\/schema\/logo\/image\/\"},\"sameAs\":[\"https:\/\/www.facebook.com\/centrobebe\/\",\"https:\/\/x.com\/centrobebe\",\"https:\/\/www.instagram.com\/centrobebe.es\/\",\"https:\/\/www.youtube.com\/channel\/UCVU-jcFuwntnxOhxvSbf3hg\"]}]}<\/script>\n<!-- \/ Yoast SEO plugin. -->","yoast_head_json":{"title":"\u2705Coche Jane Keep- Nueva Coleccion 2025 - Centro Beb\u00e9","description":"Jane Keep, es el nuevo y novedoso coche de Jan\u00e9 que estar\u00e1 disponible en la nueva colecci\u00f3n 2025 de Jan\u00e9. DISPONIBLE PROXIMAMENTE!!","robots":{"index":"index","follow":"follow","max-snippet":"max-snippet:-1","max-image-preview":"max-image-preview:large","max-video-preview":"max-video-preview:-1"},"canonical":"https:\/\/centrobebe.es\/en\/shop\/centrobebe\/cochecitos-y-sillas-de-paseo-de-bebe\/cochecitos-bebe\/cochecitos-dos-piezas\/cochecito-jane-keep\/","og_locale":"en_GB","og_type":"article","og_title":"\u2705Coche Jane Keep- Nueva Coleccion 2025 - Centro Beb\u00e9","og_description":"Jane Keep, es el nuevo y novedoso coche de Jan\u00e9 que estar\u00e1 disponible en la nueva colecci\u00f3n 2025 de Jan\u00e9. DISPONIBLE PROXIMAMENTE!!","og_url":"https:\/\/centrobebe.es\/en\/shop\/centrobebe\/cochecitos-y-sillas-de-paseo-de-bebe\/cochecitos-bebe\/cochecitos-dos-piezas\/cochecito-jane-keep\/","og_site_name":"Centrobeb\u00e9","article_publisher":"https:\/\/www.facebook.com\/centrobebe\/","article_modified_time":"2026-03-02T09:27:47+00:00","og_image":[{"width":600,"height":600,"url":"https:\/\/centrobebe.es\/wp-content\/uploads\/2025\/01\/5717-U78_duo_keep_botanic_01-Copiar.jpg","type":"image\/jpeg"}],"twitter_card":"summary_large_image","twitter_site":"@centrobebe","twitter_misc":{"Estimated reading time":"5 minutes"},"schema":{"@context":"https:\/\/schema.org","@graph":[{"@type":"WebPage","@id":"https:\/\/centrobebe.es\/shop\/centrobebe\/cochecitos-y-sillas-de-paseo-de-bebe\/cochecitos-bebe\/cochecitos-dos-piezas\/cochecito-jane-keep\/","url":"https:\/\/centrobebe.es\/shop\/centrobebe\/cochecitos-y-sillas-de-paseo-de-bebe\/cochecitos-bebe\/cochecitos-dos-piezas\/cochecito-jane-keep\/","name":"\u2705Coche Jane Keep- Nueva Coleccion 2025 - Centro Beb\u00e9","isPartOf":{"@id":"https:\/\/centrobebe.es\/#website"},"primaryImageOfPage":{"@id":"https:\/\/centrobebe.es\/shop\/centrobebe\/cochecitos-y-sillas-de-paseo-de-bebe\/cochecitos-bebe\/cochecitos-dos-piezas\/cochecito-jane-keep\/#primaryimage"},"image":{"@id":"https:\/\/centrobebe.es\/shop\/centrobebe\/cochecitos-y-sillas-de-paseo-de-bebe\/cochecitos-bebe\/cochecitos-dos-piezas\/cochecito-jane-keep\/#primaryimage"},"thumbnailUrl":"https:\/\/centrobebe.es\/wp-content\/uploads\/2025\/01\/5717-U78_duo_keep_botanic_01-Copiar.jpg","datePublished":"2025-01-10T11:35:33+00:00","dateModified":"2026-03-02T09:27:47+00:00","description":"Jane Keep, es el nuevo y novedoso coche de Jan\u00e9 que estar\u00e1 disponible en la nueva colecci\u00f3n 2025 de Jan\u00e9. DISPONIBLE PROXIMAMENTE!!","breadcrumb":{"@id":"https:\/\/centrobebe.es\/shop\/centrobebe\/cochecitos-y-sillas-de-paseo-de-bebe\/cochecitos-bebe\/cochecitos-dos-piezas\/cochecito-jane-keep\/#breadcrumb"},"inLanguage":"en-GB","potentialAction":[{"@type":"ReadAction","target":["https:\/\/centrobebe.es\/shop\/centrobebe\/cochecitos-y-sillas-de-paseo-de-bebe\/cochecitos-bebe\/cochecitos-dos-piezas\/cochecito-jane-keep\/"]}]},{"@type":"ImageObject","inLanguage":"en-GB","@id":"https:\/\/centrobebe.es\/shop\/centrobebe\/cochecitos-y-sillas-de-paseo-de-bebe\/cochecitos-bebe\/cochecitos-dos-piezas\/cochecito-jane-keep\/#primaryimage","url":"https:\/\/centrobebe.es\/wp-content\/uploads\/2025\/01\/5717-U78_duo_keep_botanic_01-Copiar.jpg","contentUrl":"https:\/\/centrobebe.es\/wp-content\/uploads\/2025\/01\/5717-U78_duo_keep_botanic_01-Copiar.jpg","width":600,"height":600,"caption":"coche jane keep"},{"@type":"BreadcrumbList","@id":"https:\/\/centrobebe.es\/shop\/centrobebe\/cochecitos-y-sillas-de-paseo-de-bebe\/cochecitos-bebe\/cochecitos-dos-piezas\/cochecito-jane-keep\/#breadcrumb","itemListElement":[{"@type":"ListItem","position":1,"name":"Portada","item":"https:\/\/centrobebe.es\/"},{"@type":"ListItem","position":2,"name":"Shop","item":"https:\/\/centrobebe.es\/shop\/"},{"@type":"ListItem","position":3,"name":"Cochecito Jane KEEP Dos Piezas (Opci\u00f3n 3 Piezas)"}]},{"@type":"WebSite","@id":"https:\/\/centrobebe.es\/#website","url":"https:\/\/centrobebe.es\/","name":"Centrobeb\u00e9","description":"Tienda de bebe online | Todo lo que tu bebe necesita","publisher":{"@id":"https:\/\/centrobebe.es\/#organization"},"alternateName":"Centrobeb\u00e9","potentialAction":[{"@type":"SearchAction","target":{"@type":"EntryPoint","urlTemplate":"https:\/\/centrobebe.es\/?s={search_term_string}"},"query-input":{"@type":"PropertyValueSpecification","valueRequired":true,"valueName":"search_term_string"}}],"inLanguage":"en-GB"},{"@type":"Organization","@id":"https:\/\/centrobebe.es\/#organization","name":"Centrobebe","alternateName":"Centrobebe","url":"https:\/\/centrobebe.es\/","logo":{"@type":"ImageObject","inLanguage":"en-GB","@id":"https:\/\/centrobebe.es\/#\/schema\/logo\/image\/","url":"https:\/\/centrobebe.es\/wp-content\/uploads\/2018\/06\/icono3-e1557940133982.png","contentUrl":"https:\/\/centrobebe.es\/wp-content\/uploads\/2018\/06\/icono3-e1557940133982.png","width":34,"height":29,"caption":"Centrobebe"},"image":{"@id":"https:\/\/centrobebe.es\/#\/schema\/logo\/image\/"},"sameAs":["https:\/\/www.facebook.com\/centrobebe\/","https:\/\/x.com\/centrobebe","https:\/\/www.instagram.com\/centrobebe.es\/","https:\/\/www.youtube.com\/channel\/UCVU-jcFuwntnxOhxvSbf3hg"]}]}},"brands":[{"id":385,"name":"Jane","slug":"jane"}],"_links":{"self":[{"href":"https:\/\/centrobebe.es\/en\/wp-json\/wp\/v2\/product\/53584","targetHints":{"allow":["GET"]}}],"collection":[{"href":"https:\/\/centrobebe.es\/en\/wp-json\/wp\/v2\/product"}],"about":[{"href":"https:\/\/centrobebe.es\/en\/wp-json\/wp\/v2\/types\/product"}],"version-history":[{"count":8,"href":"https:\/\/centrobebe.es\/en\/wp-json\/wp\/v2\/product\/53584\/revisions"}],"predecessor-version":[{"id":53587,"href":"https:\/\/centrobebe.es\/en\/wp-json\/wp\/v2\/product\/53584\/revisions\/53587"}],"wp:featuredmedia":[{"embeddable":true,"href":"https:\/\/centrobebe.es\/en\/wp-json\/wp\/v2\/media\/53797"}],"wp:attachment":[{"href":"https:\/\/centrobebe.es\/en\/wp-json\/wp\/v2\/media?parent=53584"}],"wp:term":[{"taxonomy":"pwb-brand","embeddable":true,"href":"https:\/\/centrobebe.es\/en\/wp-json\/wp\/v2\/pwb-brand?post=53584"},{"taxonomy":"product_cat","embeddable":true,"href":"https:\/\/centrobebe.es\/en\/wp-json\/wp\/v2\/product_cat?post=53584"},{"taxonomy":"product_tag","embeddable":true,"href":"https:\/\/centrobebe.es\/en\/wp-json\/wp\/v2\/product_tag?post=53584"}],"curies":[{"name":"wp","href":"https:\/\/api.w.org\/{rel}","templated":true}]}}