{"id":55016,"date":"2025-04-09T11:29:34","date_gmt":"2025-04-09T11:29:34","guid":{"rendered":"https:\/\/centrobebe.es\/?post_type=product&#038;p=55016"},"modified":"2025-04-09T11:29:34","modified_gmt":"2025-04-09T11:29:34","slug":"parasol-silla-paseo-jane-stroller-sun-cover","status":"publish","type":"product","link":"https:\/\/centrobebe.es\/en\/shop\/centrobebe\/cochecitos-y-sillas-de-paseo-de-bebe\/accesorios-paseo\/parasol-silla-paseo-jane-stroller-sun-cover\/","title":{"rendered":"Parasol Silla paseo Jan\u00e9 Stroller Sun Cover"},"content":{"rendered":"<h1>Parasol silla paseo Jane<\/h1>\n<p>Protege a tu beb\u00e9 de los da\u00f1inos rayos del sol con esta pantalla con protecci\u00f3n solar +50 UPF, que bloquea eficazmente la luz y la radiaci\u00f3n ultravioleta. Resulta muy f\u00e1cil de poner y quitar y se adapta a cualquier carrito colocado tanto a favor de la marcha como a contramarcha y adem\u00e1s evita el efecto \u00abinvernadero\u00bb, permitiendo que circule el aire.<\/p>\n<div class=\"features-type-images\">\n<div>\n<h2 class=\"header-line\"><strong>Universal<\/strong><\/h2>\n<p>Se adapta a cualquier modelo y combinaci\u00f3n: capazo o portabeb\u00e9, o con hamaca a favor o en contra de la marcha.<\/p>\n<\/div>\n<\/div>\n<div class=\"features-type-images\"><img decoding=\"async\" src=\"https:\/\/janeworld.com\/img\/features\/Pantalla_solar_UPF50_25.jpg\" \/><\/p>\n<div>\n<h2 class=\"header-line\"><strong>Protecci\u00f3n solar<\/strong><\/h2>\n<p>Protecci\u00f3n solar +50 UPF, que bloquea eficazmente la luz y la radiaci\u00f3n ultravioleta.<\/p>\n<\/div>\n<\/div>\n<div class=\"features-type-images\"><img decoding=\"async\" src=\"https:\/\/janeworld.com\/img\/features\/Pantalla_solar_ventilacion.jpg\" \/><\/p>\n<div>\n<h2 class=\"header-line\"><strong>Transpirable<\/strong><\/h2>\n<p>Dise\u00f1ado para permitir la circulaci\u00f3n de aire.<\/p>\n<\/div>\n<\/div>","protected":false},"excerpt":{"rendered":"<p>Protege a tu beb\u00e9 de los da\u00f1inos rayos del sol con esta pantalla con protecci\u00f3n solar +50 UPF, que bloquea eficazmente la luz y la radiaci\u00f3n ultravioleta.<\/p>","protected":false},"featured_media":55019,"template":"","meta":[],"pwb-brand":[385],"product_cat":[158],"product_tag":[],"class_list":{"0":"post-55016","1":"product","2":"type-product","3":"status-publish","4":"has-post-thumbnail","6":"pwb-brand-jane","7":"product_cat-accesorios-paseo","8":"tm-no-options","10":"first","11":"instock","12":"taxable","13":"shipping-taxable","14":"purchasable","15":"product-type-simple"},"yoast_head":"<!-- This site is optimized with the Yoast SEO plugin v26.9 - https:\/\/yoast.com\/product\/yoast-seo-wordpress\/ -->\n<title>Parasol Silla paseo Jan\u00e9 Stroller Sun Cover - Centrobeb\u00e9<\/title>\n<meta name=\"description\" content=\"Parasol silla,protege a tu beb\u00e9 de los da\u00f1inos rayos del sol con esta pantalla con protecci\u00f3n solar +50 UPF, que bloquea eficazmente la luz y la radiaci\u00f3n\u00a0\" \/>\n<meta name=\"robots\" content=\"index, follow, max-snippet:-1, max-image-preview:large, max-video-preview:-1\" \/>\n<link rel=\"canonical\" href=\"https:\/\/centrobebe.es\/en\/shop\/centrobebe\/cochecitos-y-sillas-de-paseo-de-bebe\/accesorios-paseo\/parasol-silla-paseo-jane-stroller-sun-cover\/\" \/>\n<meta property=\"og:locale\" content=\"en_GB\" \/>\n<meta property=\"og:type\" content=\"article\" \/>\n<meta property=\"og:title\" content=\"Parasol Silla paseo Jan\u00e9 Stroller Sun Cover - Centrobeb\u00e9\" \/>\n<meta property=\"og:description\" content=\"Parasol silla,protege a tu beb\u00e9 de los da\u00f1inos rayos del sol con esta pantalla con protecci\u00f3n solar +50 UPF, que bloquea eficazmente la luz y la radiaci\u00f3n\u00a0\" \/>\n<meta property=\"og:url\" content=\"https:\/\/centrobebe.es\/en\/shop\/centrobebe\/cochecitos-y-sillas-de-paseo-de-bebe\/accesorios-paseo\/parasol-silla-paseo-jane-stroller-sun-cover\/\" \/>\n<meta property=\"og:site_name\" content=\"Centrobeb\u00e9\" \/>\n<meta property=\"article:publisher\" content=\"https:\/\/www.facebook.com\/centrobebe\/\" \/>\n<meta property=\"og:image\" content=\"https:\/\/centrobebe.es\/wp-content\/uploads\/2025\/04\/jane-stroller-sun-conver-black-4.jpg\" \/>\n\t<meta property=\"og:image:width\" content=\"800\" \/>\n\t<meta property=\"og:image:height\" content=\"800\" \/>\n\t<meta property=\"og:image:type\" content=\"image\/jpeg\" \/>\n<meta name=\"twitter:card\" content=\"summary_large_image\" \/>\n<meta name=\"twitter:site\" content=\"@centrobebe\" \/>\n<meta name=\"twitter:label1\" content=\"Estimated reading time\" \/>\n\t<meta name=\"twitter:data1\" content=\"2 minutes\" \/>\n<script type=\"application\/ld+json\" class=\"yoast-schema-graph\">{\"@context\":\"https:\/\/schema.org\",\"@graph\":[{\"@type\":\"WebPage\",\"@id\":\"https:\/\/centrobebe.es\/shop\/centrobebe\/cochecitos-y-sillas-de-paseo-de-bebe\/accesorios-paseo\/parasol-silla-paseo-jane-stroller-sun-cover\/\",\"url\":\"https:\/\/centrobebe.es\/shop\/centrobebe\/cochecitos-y-sillas-de-paseo-de-bebe\/accesorios-paseo\/parasol-silla-paseo-jane-stroller-sun-cover\/\",\"name\":\"Parasol Silla paseo Jan\u00e9 Stroller Sun Cover - Centrobeb\u00e9\",\"isPartOf\":{\"@id\":\"https:\/\/centrobebe.es\/#website\"},\"primaryImageOfPage\":{\"@id\":\"https:\/\/centrobebe.es\/shop\/centrobebe\/cochecitos-y-sillas-de-paseo-de-bebe\/accesorios-paseo\/parasol-silla-paseo-jane-stroller-sun-cover\/#primaryimage\"},\"image\":{\"@id\":\"https:\/\/centrobebe.es\/shop\/centrobebe\/cochecitos-y-sillas-de-paseo-de-bebe\/accesorios-paseo\/parasol-silla-paseo-jane-stroller-sun-cover\/#primaryimage\"},\"thumbnailUrl\":\"https:\/\/centrobebe.es\/wp-content\/uploads\/2025\/04\/jane-stroller-sun-conver-black-4.jpg\",\"datePublished\":\"2025-04-09T11:29:34+00:00\",\"description\":\"Parasol silla,protege a tu beb\u00e9 de los da\u00f1inos rayos del sol con esta pantalla con protecci\u00f3n solar +50 UPF, que bloquea eficazmente la luz y la radiaci\u00f3n\u00a0\",\"breadcrumb\":{\"@id\":\"https:\/\/centrobebe.es\/shop\/centrobebe\/cochecitos-y-sillas-de-paseo-de-bebe\/accesorios-paseo\/parasol-silla-paseo-jane-stroller-sun-cover\/#breadcrumb\"},\"inLanguage\":\"en-GB\",\"potentialAction\":[{\"@type\":\"ReadAction\",\"target\":[\"https:\/\/centrobebe.es\/shop\/centrobebe\/cochecitos-y-sillas-de-paseo-de-bebe\/accesorios-paseo\/parasol-silla-paseo-jane-stroller-sun-cover\/\"]}]},{\"@type\":\"ImageObject\",\"inLanguage\":\"en-GB\",\"@id\":\"https:\/\/centrobebe.es\/shop\/centrobebe\/cochecitos-y-sillas-de-paseo-de-bebe\/accesorios-paseo\/parasol-silla-paseo-jane-stroller-sun-cover\/#primaryimage\",\"url\":\"https:\/\/centrobebe.es\/wp-content\/uploads\/2025\/04\/jane-stroller-sun-conver-black-4.jpg\",\"contentUrl\":\"https:\/\/centrobebe.es\/wp-content\/uploads\/2025\/04\/jane-stroller-sun-conver-black-4.jpg\",\"width\":800,\"height\":800,\"caption\":\"parasol silla jane stroller sun cover\"},{\"@type\":\"BreadcrumbList\",\"@id\":\"https:\/\/centrobebe.es\/shop\/centrobebe\/cochecitos-y-sillas-de-paseo-de-bebe\/accesorios-paseo\/parasol-silla-paseo-jane-stroller-sun-cover\/#breadcrumb\",\"itemListElement\":[{\"@type\":\"ListItem\",\"position\":1,\"name\":\"Portada\",\"item\":\"https:\/\/centrobebe.es\/\"},{\"@type\":\"ListItem\",\"position\":2,\"name\":\"Shop\",\"item\":\"https:\/\/centrobebe.es\/shop\/\"},{\"@type\":\"ListItem\",\"position\":3,\"name\":\"Parasol Silla paseo Jan\u00e9 Stroller Sun Cover\"}]},{\"@type\":\"WebSite\",\"@id\":\"https:\/\/centrobebe.es\/#website\",\"url\":\"https:\/\/centrobebe.es\/\",\"name\":\"Centrobeb\u00e9\",\"description\":\"Tienda de bebe online | Todo lo que tu bebe necesita\",\"publisher\":{\"@id\":\"https:\/\/centrobebe.es\/#organization\"},\"alternateName\":\"Centrobeb\u00e9\",\"potentialAction\":[{\"@type\":\"SearchAction\",\"target\":{\"@type\":\"EntryPoint\",\"urlTemplate\":\"https:\/\/centrobebe.es\/?s={search_term_string}\"},\"query-input\":{\"@type\":\"PropertyValueSpecification\",\"valueRequired\":true,\"valueName\":\"search_term_string\"}}],\"inLanguage\":\"en-GB\"},{\"@type\":\"Organization\",\"@id\":\"https:\/\/centrobebe.es\/#organization\",\"name\":\"Centrobebe\",\"alternateName\":\"Centrobebe\",\"url\":\"https:\/\/centrobebe.es\/\",\"logo\":{\"@type\":\"ImageObject\",\"inLanguage\":\"en-GB\",\"@id\":\"https:\/\/centrobebe.es\/#\/schema\/logo\/image\/\",\"url\":\"https:\/\/centrobebe.es\/wp-content\/uploads\/2018\/06\/icono3-e1557940133982.png\",\"contentUrl\":\"https:\/\/centrobebe.es\/wp-content\/uploads\/2018\/06\/icono3-e1557940133982.png\",\"width\":34,\"height\":29,\"caption\":\"Centrobebe\"},\"image\":{\"@id\":\"https:\/\/centrobebe.es\/#\/schema\/logo\/image\/\"},\"sameAs\":[\"https:\/\/www.facebook.com\/centrobebe\/\",\"https:\/\/x.com\/centrobebe\",\"https:\/\/www.instagram.com\/centrobebe.es\/\",\"https:\/\/www.youtube.com\/channel\/UCVU-jcFuwntnxOhxvSbf3hg\"]}]}<\/script>\n<!-- \/ Yoast SEO plugin. -->","yoast_head_json":{"title":"Parasol Silla paseo Jan\u00e9 Stroller Sun Cover - Centrobeb\u00e9","description":"Parasol silla,protege a tu beb\u00e9 de los da\u00f1inos rayos del sol con esta pantalla con protecci\u00f3n solar +50 UPF, que bloquea eficazmente la luz y la radiaci\u00f3n\u00a0","robots":{"index":"index","follow":"follow","max-snippet":"max-snippet:-1","max-image-preview":"max-image-preview:large","max-video-preview":"max-video-preview:-1"},"canonical":"https:\/\/centrobebe.es\/en\/shop\/centrobebe\/cochecitos-y-sillas-de-paseo-de-bebe\/accesorios-paseo\/parasol-silla-paseo-jane-stroller-sun-cover\/","og_locale":"en_GB","og_type":"article","og_title":"Parasol Silla paseo Jan\u00e9 Stroller Sun Cover - Centrobeb\u00e9","og_description":"Parasol silla,protege a tu beb\u00e9 de los da\u00f1inos rayos del sol con esta pantalla con protecci\u00f3n solar +50 UPF, que bloquea eficazmente la luz y la radiaci\u00f3n\u00a0","og_url":"https:\/\/centrobebe.es\/en\/shop\/centrobebe\/cochecitos-y-sillas-de-paseo-de-bebe\/accesorios-paseo\/parasol-silla-paseo-jane-stroller-sun-cover\/","og_site_name":"Centrobeb\u00e9","article_publisher":"https:\/\/www.facebook.com\/centrobebe\/","og_image":[{"width":800,"height":800,"url":"https:\/\/centrobebe.es\/wp-content\/uploads\/2025\/04\/jane-stroller-sun-conver-black-4.jpg","type":"image\/jpeg"}],"twitter_card":"summary_large_image","twitter_site":"@centrobebe","twitter_misc":{"Estimated reading time":"2 minutes"},"schema":{"@context":"https:\/\/schema.org","@graph":[{"@type":"WebPage","@id":"https:\/\/centrobebe.es\/shop\/centrobebe\/cochecitos-y-sillas-de-paseo-de-bebe\/accesorios-paseo\/parasol-silla-paseo-jane-stroller-sun-cover\/","url":"https:\/\/centrobebe.es\/shop\/centrobebe\/cochecitos-y-sillas-de-paseo-de-bebe\/accesorios-paseo\/parasol-silla-paseo-jane-stroller-sun-cover\/","name":"Parasol Silla paseo Jan\u00e9 Stroller Sun Cover - Centrobeb\u00e9","isPartOf":{"@id":"https:\/\/centrobebe.es\/#website"},"primaryImageOfPage":{"@id":"https:\/\/centrobebe.es\/shop\/centrobebe\/cochecitos-y-sillas-de-paseo-de-bebe\/accesorios-paseo\/parasol-silla-paseo-jane-stroller-sun-cover\/#primaryimage"},"image":{"@id":"https:\/\/centrobebe.es\/shop\/centrobebe\/cochecitos-y-sillas-de-paseo-de-bebe\/accesorios-paseo\/parasol-silla-paseo-jane-stroller-sun-cover\/#primaryimage"},"thumbnailUrl":"https:\/\/centrobebe.es\/wp-content\/uploads\/2025\/04\/jane-stroller-sun-conver-black-4.jpg","datePublished":"2025-04-09T11:29:34+00:00","description":"Parasol silla,protege a tu beb\u00e9 de los da\u00f1inos rayos del sol con esta pantalla con protecci\u00f3n solar +50 UPF, que bloquea eficazmente la luz y la radiaci\u00f3n\u00a0","breadcrumb":{"@id":"https:\/\/centrobebe.es\/shop\/centrobebe\/cochecitos-y-sillas-de-paseo-de-bebe\/accesorios-paseo\/parasol-silla-paseo-jane-stroller-sun-cover\/#breadcrumb"},"inLanguage":"en-GB","potentialAction":[{"@type":"ReadAction","target":["https:\/\/centrobebe.es\/shop\/centrobebe\/cochecitos-y-sillas-de-paseo-de-bebe\/accesorios-paseo\/parasol-silla-paseo-jane-stroller-sun-cover\/"]}]},{"@type":"ImageObject","inLanguage":"en-GB","@id":"https:\/\/centrobebe.es\/shop\/centrobebe\/cochecitos-y-sillas-de-paseo-de-bebe\/accesorios-paseo\/parasol-silla-paseo-jane-stroller-sun-cover\/#primaryimage","url":"https:\/\/centrobebe.es\/wp-content\/uploads\/2025\/04\/jane-stroller-sun-conver-black-4.jpg","contentUrl":"https:\/\/centrobebe.es\/wp-content\/uploads\/2025\/04\/jane-stroller-sun-conver-black-4.jpg","width":800,"height":800,"caption":"parasol silla jane stroller sun cover"},{"@type":"BreadcrumbList","@id":"https:\/\/centrobebe.es\/shop\/centrobebe\/cochecitos-y-sillas-de-paseo-de-bebe\/accesorios-paseo\/parasol-silla-paseo-jane-stroller-sun-cover\/#breadcrumb","itemListElement":[{"@type":"ListItem","position":1,"name":"Portada","item":"https:\/\/centrobebe.es\/"},{"@type":"ListItem","position":2,"name":"Shop","item":"https:\/\/centrobebe.es\/shop\/"},{"@type":"ListItem","position":3,"name":"Parasol Silla paseo Jan\u00e9 Stroller Sun Cover"}]},{"@type":"WebSite","@id":"https:\/\/centrobebe.es\/#website","url":"https:\/\/centrobebe.es\/","name":"Centrobeb\u00e9","description":"Tienda de bebe online | Todo lo que tu bebe necesita","publisher":{"@id":"https:\/\/centrobebe.es\/#organization"},"alternateName":"Centrobeb\u00e9","potentialAction":[{"@type":"SearchAction","target":{"@type":"EntryPoint","urlTemplate":"https:\/\/centrobebe.es\/?s={search_term_string}"},"query-input":{"@type":"PropertyValueSpecification","valueRequired":true,"valueName":"search_term_string"}}],"inLanguage":"en-GB"},{"@type":"Organization","@id":"https:\/\/centrobebe.es\/#organization","name":"Centrobebe","alternateName":"Centrobebe","url":"https:\/\/centrobebe.es\/","logo":{"@type":"ImageObject","inLanguage":"en-GB","@id":"https:\/\/centrobebe.es\/#\/schema\/logo\/image\/","url":"https:\/\/centrobebe.es\/wp-content\/uploads\/2018\/06\/icono3-e1557940133982.png","contentUrl":"https:\/\/centrobebe.es\/wp-content\/uploads\/2018\/06\/icono3-e1557940133982.png","width":34,"height":29,"caption":"Centrobebe"},"image":{"@id":"https:\/\/centrobebe.es\/#\/schema\/logo\/image\/"},"sameAs":["https:\/\/www.facebook.com\/centrobebe\/","https:\/\/x.com\/centrobebe","https:\/\/www.instagram.com\/centrobebe.es\/","https:\/\/www.youtube.com\/channel\/UCVU-jcFuwntnxOhxvSbf3hg"]}]}},"brands":[{"id":385,"name":"Jane","slug":"jane"}],"_links":{"self":[{"href":"https:\/\/centrobebe.es\/en\/wp-json\/wp\/v2\/product\/55016","targetHints":{"allow":["GET"]}}],"collection":[{"href":"https:\/\/centrobebe.es\/en\/wp-json\/wp\/v2\/product"}],"about":[{"href":"https:\/\/centrobebe.es\/en\/wp-json\/wp\/v2\/types\/product"}],"version-history":[{"count":2,"href":"https:\/\/centrobebe.es\/en\/wp-json\/wp\/v2\/product\/55016\/revisions"}],"predecessor-version":[{"id":55025,"href":"https:\/\/centrobebe.es\/en\/wp-json\/wp\/v2\/product\/55016\/revisions\/55025"}],"wp:featuredmedia":[{"embeddable":true,"href":"https:\/\/centrobebe.es\/en\/wp-json\/wp\/v2\/media\/55019"}],"wp:attachment":[{"href":"https:\/\/centrobebe.es\/en\/wp-json\/wp\/v2\/media?parent=55016"}],"wp:term":[{"taxonomy":"pwb-brand","embeddable":true,"href":"https:\/\/centrobebe.es\/en\/wp-json\/wp\/v2\/pwb-brand?post=55016"},{"taxonomy":"product_cat","embeddable":true,"href":"https:\/\/centrobebe.es\/en\/wp-json\/wp\/v2\/product_cat?post=55016"},{"taxonomy":"product_tag","embeddable":true,"href":"https:\/\/centrobebe.es\/en\/wp-json\/wp\/v2\/product_tag?post=55016"}],"curies":[{"name":"wp","href":"https:\/\/api.w.org\/{rel}","templated":true}]}}