{"id":55028,"date":"2025-04-09T17:58:55","date_gmt":"2025-04-09T17:58:55","guid":{"rendered":"https:\/\/centrobebe.es\/?post_type=product&#038;p=55028"},"modified":"2025-04-11T20:12:54","modified_gmt":"2025-04-11T20:12:54","slug":"portabebe-jane-ligero-de-cadera-catch","status":"publish","type":"product","link":"https:\/\/centrobebe.es\/en\/shop\/centrobebe\/el-viaje\/mochila-portabebe\/portabebe-jane-ligero-de-cadera-catch\/","title":{"rendered":"Portabeb\u00e9 Jan\u00e9 Ligero de Cadera Catch 60253 U85"},"content":{"rendered":"<h1>Portabeb\u00e9 Jan\u00e9 Ligero de Cadera Catch<\/h1>\n<p>Portabebe Jane Catch ligero de cadera se har\u00e1 m\u00e1s liviano cargar al peque en brazos cuando se canse de caminar. Resulta muy c\u00f3modo de poner y quitar y tiene unas asas de transporte anchas y vers\u00e1tiles, con protector para el hombro, que se ajustan a todo tipo de cuerpos y alturas. En el asiento tambi\u00e9n cuenta con una superficie antideslizante para asegurar la postura del ni\u00f1o y evitar que se resbale.<\/p>\n<p>Protector para el hombro ancho y vers\u00e1til, regulable para distintos tipos de cuerpo.<\/p>\n<p>Gran cierre de click f\u00e1cil de poner y quitar y seguro a la vez.<\/p>\n<p>Superficie antideslizante en la zona del asiento del beb\u00e9 para evitar que se resbale.<\/p>\n<p>Tejido 100% en algod\u00f3n.<\/p>\n<div class=\"features-type-simple\">\n<p class=\"header-line\"><strong>Edad del beb\u00e9<\/strong><\/p>\n<p>Desde los 9 meses hasta los 48 meses (o 22 kg).<\/p>\n<\/div>\n<div class=\"features-type-simple\">\n<p class=\"header-line\"><strong><span style=\"vertical-align: inherit;\"><span style=\"vertical-align: inherit;\">Medidas<\/span><\/span><\/strong><\/p>\n<p><span style=\"vertical-align: inherit;\"><span style=\"vertical-align: inherit;\">7 x 45 x 17 cent\u00edmetros<\/span><\/span><\/p>\n<p>&nbsp;<\/p>\n<\/div>\n<p>Si necesitas m\u00e1s informaci\u00f3n sobre la mochila portabeb\u00e9s, no dudes en ponerte en contacto con nuestro equipo de profesionales. Estaremos encantados de ayudarte y aconsejarte sobre los productos m\u00e1s beneficiarios para tu beb\u00e9.<\/p>\n<p>Descubre la variedad de\u00a0<strong><a href=\"https:\/\/centrobebe.es\/en\/product-category\/centrobebe\/el-viaje\/mochila-portabebe\/\">mochilas ergon\u00f3micas y portabeb\u00e9s<\/a><\/strong>\u00a0en Centrobeb\u00e9. Descubre la variedad de mochilas al mejor precio y de las mejores marcas en nuestra tienda de beb\u00e9s online.<\/p>","protected":false},"excerpt":{"rendered":"<p>Con el portabebe Jane Catch ligero de cadera se har\u00e1 m\u00e1s liviano cargar al peque en brazos cuando se canse de caminar.<\/p>","protected":false},"featured_media":55032,"template":"","meta":[],"pwb-brand":[385],"product_cat":[161],"product_tag":[],"class_list":{"0":"post-55028","1":"product","2":"type-product","3":"status-publish","4":"has-post-thumbnail","6":"pwb-brand-jane","7":"product_cat-mochila-portabebe","8":"pa_color-beige","9":"pa_color-gris","10":"tm-no-options","12":"first","13":"instock","14":"taxable","15":"shipping-taxable","16":"purchasable","17":"product-type-simple"},"yoast_head":"<!-- This site is optimized with the Yoast SEO plugin v26.9 - https:\/\/yoast.com\/product\/yoast-seo-wordpress\/ -->\n<title>Portabebe Jan\u00e9 Catch - Portabeb\u00e9 de Cadera - Centrobeb\u00e9<\/title>\n<meta name=\"description\" content=\"Con el portabebe Jane Catch ligero de cadera se har\u00e1 m\u00e1s liviano cargar al peque en brazos cuando se canse de caminar. Compralo On line!!\" \/>\n<meta name=\"robots\" content=\"index, follow, max-snippet:-1, max-image-preview:large, max-video-preview:-1\" \/>\n<link rel=\"canonical\" href=\"https:\/\/centrobebe.es\/en\/shop\/centrobebe\/el-viaje\/mochila-portabebe\/portabebe-jane-ligero-de-cadera-catch\/\" \/>\n<meta property=\"og:locale\" content=\"en_GB\" \/>\n<meta property=\"og:type\" content=\"article\" \/>\n<meta property=\"og:title\" content=\"Portabebe Jan\u00e9 Catch - Portabeb\u00e9 de Cadera - Centrobeb\u00e9\" \/>\n<meta property=\"og:description\" content=\"Con el portabebe Jane Catch ligero de cadera se har\u00e1 m\u00e1s liviano cargar al peque en brazos cuando se canse de caminar. Compralo On line!!\" \/>\n<meta property=\"og:url\" content=\"https:\/\/centrobebe.es\/en\/shop\/centrobebe\/el-viaje\/mochila-portabebe\/portabebe-jane-ligero-de-cadera-catch\/\" \/>\n<meta property=\"og:site_name\" content=\"Centrobeb\u00e9\" \/>\n<meta property=\"article:publisher\" content=\"https:\/\/www.facebook.com\/centrobebe\/\" \/>\n<meta property=\"article:modified_time\" content=\"2025-04-11T20:12:54+00:00\" \/>\n<meta property=\"og:image\" content=\"https:\/\/centrobebe.es\/wp-content\/uploads\/2025\/04\/portabebe-cadera-catch-1.jpg\" \/>\n\t<meta property=\"og:image:width\" content=\"800\" \/>\n\t<meta property=\"og:image:height\" content=\"800\" \/>\n\t<meta property=\"og:image:type\" content=\"image\/jpeg\" \/>\n<meta name=\"twitter:card\" content=\"summary_large_image\" \/>\n<meta name=\"twitter:site\" content=\"@centrobebe\" \/>\n<meta name=\"twitter:label1\" content=\"Estimated reading time\" \/>\n\t<meta name=\"twitter:data1\" content=\"2 minutes\" \/>\n<script type=\"application\/ld+json\" class=\"yoast-schema-graph\">{\"@context\":\"https:\/\/schema.org\",\"@graph\":[{\"@type\":\"WebPage\",\"@id\":\"https:\/\/centrobebe.es\/shop\/centrobebe\/el-viaje\/mochila-portabebe\/portabebe-jane-ligero-de-cadera-catch\/\",\"url\":\"https:\/\/centrobebe.es\/shop\/centrobebe\/el-viaje\/mochila-portabebe\/portabebe-jane-ligero-de-cadera-catch\/\",\"name\":\"Portabebe Jan\u00e9 Catch - Portabeb\u00e9 de Cadera - Centrobeb\u00e9\",\"isPartOf\":{\"@id\":\"https:\/\/centrobebe.es\/#website\"},\"primaryImageOfPage\":{\"@id\":\"https:\/\/centrobebe.es\/shop\/centrobebe\/el-viaje\/mochila-portabebe\/portabebe-jane-ligero-de-cadera-catch\/#primaryimage\"},\"image\":{\"@id\":\"https:\/\/centrobebe.es\/shop\/centrobebe\/el-viaje\/mochila-portabebe\/portabebe-jane-ligero-de-cadera-catch\/#primaryimage\"},\"thumbnailUrl\":\"https:\/\/centrobebe.es\/wp-content\/uploads\/2025\/04\/portabebe-cadera-catch-1.jpg\",\"datePublished\":\"2025-04-09T17:58:55+00:00\",\"dateModified\":\"2025-04-11T20:12:54+00:00\",\"description\":\"Con el portabebe Jane Catch ligero de cadera se har\u00e1 m\u00e1s liviano cargar al peque en brazos cuando se canse de caminar. Compralo On line!!\",\"breadcrumb\":{\"@id\":\"https:\/\/centrobebe.es\/shop\/centrobebe\/el-viaje\/mochila-portabebe\/portabebe-jane-ligero-de-cadera-catch\/#breadcrumb\"},\"inLanguage\":\"en-GB\",\"potentialAction\":[{\"@type\":\"ReadAction\",\"target\":[\"https:\/\/centrobebe.es\/shop\/centrobebe\/el-viaje\/mochila-portabebe\/portabebe-jane-ligero-de-cadera-catch\/\"]}]},{\"@type\":\"ImageObject\",\"inLanguage\":\"en-GB\",\"@id\":\"https:\/\/centrobebe.es\/shop\/centrobebe\/el-viaje\/mochila-portabebe\/portabebe-jane-ligero-de-cadera-catch\/#primaryimage\",\"url\":\"https:\/\/centrobebe.es\/wp-content\/uploads\/2025\/04\/portabebe-cadera-catch-1.jpg\",\"contentUrl\":\"https:\/\/centrobebe.es\/wp-content\/uploads\/2025\/04\/portabebe-cadera-catch-1.jpg\",\"width\":800,\"height\":800,\"caption\":\"portabebe jane catch\"},{\"@type\":\"BreadcrumbList\",\"@id\":\"https:\/\/centrobebe.es\/shop\/centrobebe\/el-viaje\/mochila-portabebe\/portabebe-jane-ligero-de-cadera-catch\/#breadcrumb\",\"itemListElement\":[{\"@type\":\"ListItem\",\"position\":1,\"name\":\"Portada\",\"item\":\"https:\/\/centrobebe.es\/\"},{\"@type\":\"ListItem\",\"position\":2,\"name\":\"Shop\",\"item\":\"https:\/\/centrobebe.es\/shop\/\"},{\"@type\":\"ListItem\",\"position\":3,\"name\":\"Portabeb\u00e9 Jan\u00e9 Ligero de Cadera Catch 60253 U85\"}]},{\"@type\":\"WebSite\",\"@id\":\"https:\/\/centrobebe.es\/#website\",\"url\":\"https:\/\/centrobebe.es\/\",\"name\":\"Centrobeb\u00e9\",\"description\":\"Tienda de bebe online | Todo lo que tu bebe necesita\",\"publisher\":{\"@id\":\"https:\/\/centrobebe.es\/#organization\"},\"alternateName\":\"Centrobeb\u00e9\",\"potentialAction\":[{\"@type\":\"SearchAction\",\"target\":{\"@type\":\"EntryPoint\",\"urlTemplate\":\"https:\/\/centrobebe.es\/?s={search_term_string}\"},\"query-input\":{\"@type\":\"PropertyValueSpecification\",\"valueRequired\":true,\"valueName\":\"search_term_string\"}}],\"inLanguage\":\"en-GB\"},{\"@type\":\"Organization\",\"@id\":\"https:\/\/centrobebe.es\/#organization\",\"name\":\"Centrobebe\",\"alternateName\":\"Centrobebe\",\"url\":\"https:\/\/centrobebe.es\/\",\"logo\":{\"@type\":\"ImageObject\",\"inLanguage\":\"en-GB\",\"@id\":\"https:\/\/centrobebe.es\/#\/schema\/logo\/image\/\",\"url\":\"https:\/\/centrobebe.es\/wp-content\/uploads\/2018\/06\/icono3-e1557940133982.png\",\"contentUrl\":\"https:\/\/centrobebe.es\/wp-content\/uploads\/2018\/06\/icono3-e1557940133982.png\",\"width\":34,\"height\":29,\"caption\":\"Centrobebe\"},\"image\":{\"@id\":\"https:\/\/centrobebe.es\/#\/schema\/logo\/image\/\"},\"sameAs\":[\"https:\/\/www.facebook.com\/centrobebe\/\",\"https:\/\/x.com\/centrobebe\",\"https:\/\/www.instagram.com\/centrobebe.es\/\",\"https:\/\/www.youtube.com\/channel\/UCVU-jcFuwntnxOhxvSbf3hg\"]}]}<\/script>\n<!-- \/ Yoast SEO plugin. -->","yoast_head_json":{"title":"Portabebe Jan\u00e9 Catch - Portabeb\u00e9 de Cadera - Centrobeb\u00e9","description":"Con el portabebe Jane Catch ligero de cadera se har\u00e1 m\u00e1s liviano cargar al peque en brazos cuando se canse de caminar. Compralo On line!!","robots":{"index":"index","follow":"follow","max-snippet":"max-snippet:-1","max-image-preview":"max-image-preview:large","max-video-preview":"max-video-preview:-1"},"canonical":"https:\/\/centrobebe.es\/en\/shop\/centrobebe\/el-viaje\/mochila-portabebe\/portabebe-jane-ligero-de-cadera-catch\/","og_locale":"en_GB","og_type":"article","og_title":"Portabebe Jan\u00e9 Catch - Portabeb\u00e9 de Cadera - Centrobeb\u00e9","og_description":"Con el portabebe Jane Catch ligero de cadera se har\u00e1 m\u00e1s liviano cargar al peque en brazos cuando se canse de caminar. Compralo On line!!","og_url":"https:\/\/centrobebe.es\/en\/shop\/centrobebe\/el-viaje\/mochila-portabebe\/portabebe-jane-ligero-de-cadera-catch\/","og_site_name":"Centrobeb\u00e9","article_publisher":"https:\/\/www.facebook.com\/centrobebe\/","article_modified_time":"2025-04-11T20:12:54+00:00","og_image":[{"width":800,"height":800,"url":"https:\/\/centrobebe.es\/wp-content\/uploads\/2025\/04\/portabebe-cadera-catch-1.jpg","type":"image\/jpeg"}],"twitter_card":"summary_large_image","twitter_site":"@centrobebe","twitter_misc":{"Estimated reading time":"2 minutes"},"schema":{"@context":"https:\/\/schema.org","@graph":[{"@type":"WebPage","@id":"https:\/\/centrobebe.es\/shop\/centrobebe\/el-viaje\/mochila-portabebe\/portabebe-jane-ligero-de-cadera-catch\/","url":"https:\/\/centrobebe.es\/shop\/centrobebe\/el-viaje\/mochila-portabebe\/portabebe-jane-ligero-de-cadera-catch\/","name":"Portabebe Jan\u00e9 Catch - Portabeb\u00e9 de Cadera - Centrobeb\u00e9","isPartOf":{"@id":"https:\/\/centrobebe.es\/#website"},"primaryImageOfPage":{"@id":"https:\/\/centrobebe.es\/shop\/centrobebe\/el-viaje\/mochila-portabebe\/portabebe-jane-ligero-de-cadera-catch\/#primaryimage"},"image":{"@id":"https:\/\/centrobebe.es\/shop\/centrobebe\/el-viaje\/mochila-portabebe\/portabebe-jane-ligero-de-cadera-catch\/#primaryimage"},"thumbnailUrl":"https:\/\/centrobebe.es\/wp-content\/uploads\/2025\/04\/portabebe-cadera-catch-1.jpg","datePublished":"2025-04-09T17:58:55+00:00","dateModified":"2025-04-11T20:12:54+00:00","description":"Con el portabebe Jane Catch ligero de cadera se har\u00e1 m\u00e1s liviano cargar al peque en brazos cuando se canse de caminar. Compralo On line!!","breadcrumb":{"@id":"https:\/\/centrobebe.es\/shop\/centrobebe\/el-viaje\/mochila-portabebe\/portabebe-jane-ligero-de-cadera-catch\/#breadcrumb"},"inLanguage":"en-GB","potentialAction":[{"@type":"ReadAction","target":["https:\/\/centrobebe.es\/shop\/centrobebe\/el-viaje\/mochila-portabebe\/portabebe-jane-ligero-de-cadera-catch\/"]}]},{"@type":"ImageObject","inLanguage":"en-GB","@id":"https:\/\/centrobebe.es\/shop\/centrobebe\/el-viaje\/mochila-portabebe\/portabebe-jane-ligero-de-cadera-catch\/#primaryimage","url":"https:\/\/centrobebe.es\/wp-content\/uploads\/2025\/04\/portabebe-cadera-catch-1.jpg","contentUrl":"https:\/\/centrobebe.es\/wp-content\/uploads\/2025\/04\/portabebe-cadera-catch-1.jpg","width":800,"height":800,"caption":"portabebe jane catch"},{"@type":"BreadcrumbList","@id":"https:\/\/centrobebe.es\/shop\/centrobebe\/el-viaje\/mochila-portabebe\/portabebe-jane-ligero-de-cadera-catch\/#breadcrumb","itemListElement":[{"@type":"ListItem","position":1,"name":"Portada","item":"https:\/\/centrobebe.es\/"},{"@type":"ListItem","position":2,"name":"Shop","item":"https:\/\/centrobebe.es\/shop\/"},{"@type":"ListItem","position":3,"name":"Portabeb\u00e9 Jan\u00e9 Ligero de Cadera Catch 60253 U85"}]},{"@type":"WebSite","@id":"https:\/\/centrobebe.es\/#website","url":"https:\/\/centrobebe.es\/","name":"Centrobeb\u00e9","description":"Tienda de bebe online | Todo lo que tu bebe necesita","publisher":{"@id":"https:\/\/centrobebe.es\/#organization"},"alternateName":"Centrobeb\u00e9","potentialAction":[{"@type":"SearchAction","target":{"@type":"EntryPoint","urlTemplate":"https:\/\/centrobebe.es\/?s={search_term_string}"},"query-input":{"@type":"PropertyValueSpecification","valueRequired":true,"valueName":"search_term_string"}}],"inLanguage":"en-GB"},{"@type":"Organization","@id":"https:\/\/centrobebe.es\/#organization","name":"Centrobebe","alternateName":"Centrobebe","url":"https:\/\/centrobebe.es\/","logo":{"@type":"ImageObject","inLanguage":"en-GB","@id":"https:\/\/centrobebe.es\/#\/schema\/logo\/image\/","url":"https:\/\/centrobebe.es\/wp-content\/uploads\/2018\/06\/icono3-e1557940133982.png","contentUrl":"https:\/\/centrobebe.es\/wp-content\/uploads\/2018\/06\/icono3-e1557940133982.png","width":34,"height":29,"caption":"Centrobebe"},"image":{"@id":"https:\/\/centrobebe.es\/#\/schema\/logo\/image\/"},"sameAs":["https:\/\/www.facebook.com\/centrobebe\/","https:\/\/x.com\/centrobebe","https:\/\/www.instagram.com\/centrobebe.es\/","https:\/\/www.youtube.com\/channel\/UCVU-jcFuwntnxOhxvSbf3hg"]}]}},"brands":[{"id":385,"name":"Jane","slug":"jane"}],"_links":{"self":[{"href":"https:\/\/centrobebe.es\/en\/wp-json\/wp\/v2\/product\/55028","targetHints":{"allow":["GET"]}}],"collection":[{"href":"https:\/\/centrobebe.es\/en\/wp-json\/wp\/v2\/product"}],"about":[{"href":"https:\/\/centrobebe.es\/en\/wp-json\/wp\/v2\/types\/product"}],"version-history":[{"count":3,"href":"https:\/\/centrobebe.es\/en\/wp-json\/wp\/v2\/product\/55028\/revisions"}],"predecessor-version":[{"id":55085,"href":"https:\/\/centrobebe.es\/en\/wp-json\/wp\/v2\/product\/55028\/revisions\/55085"}],"wp:featuredmedia":[{"embeddable":true,"href":"https:\/\/centrobebe.es\/en\/wp-json\/wp\/v2\/media\/55032"}],"wp:attachment":[{"href":"https:\/\/centrobebe.es\/en\/wp-json\/wp\/v2\/media?parent=55028"}],"wp:term":[{"taxonomy":"pwb-brand","embeddable":true,"href":"https:\/\/centrobebe.es\/en\/wp-json\/wp\/v2\/pwb-brand?post=55028"},{"taxonomy":"product_cat","embeddable":true,"href":"https:\/\/centrobebe.es\/en\/wp-json\/wp\/v2\/product_cat?post=55028"},{"taxonomy":"product_tag","embeddable":true,"href":"https:\/\/centrobebe.es\/en\/wp-json\/wp\/v2\/product_tag?post=55028"}],"curies":[{"name":"wp","href":"https:\/\/api.w.org\/{rel}","templated":true}]}}