{"id":6496,"date":"2018-05-24T10:47:14","date_gmt":"2018-05-24T10:47:14","guid":{"rendered":"http:\/\/s2.innovacor.es\/centrobebe.es\/?post_type=product&#038;p=6496"},"modified":"2025-05-08T18:10:28","modified_gmt":"2025-05-08T18:10:28","slug":"cuna-micuna-sabana-120x60","status":"publish","type":"product","link":"https:\/\/centrobebe.es\/en\/shop\/centrobebe\/el-sueno\/cunas\/cuna-micuna-sabana-120x60\/","title":{"rendered":"Cuna Micuna Sabana 120&#215;60"},"content":{"rendered":"<h1>Micuna Sabana<\/h1>\n<p>Micuna Sabana viene dise\u00f1ada con una jirafa de lo m\u00e1s divertida. \u00a1La jirafa es la protagonista en esta preciosa cuna! Acompa\u00f1ar\u00e1 al beb\u00e9 en sus sue\u00f1os aventureros. La micuna sabana est\u00e1 disponible en diferentes colores como el blanco, embero, miel y natural.<\/p>\n<p>Destaca por su sencillez y elegancia. Por su dise\u00f1o, quedar\u00e1 a juego en cualquier estilo de habitaci\u00f3n. No importa si la habitaci\u00f3n del beb\u00e9 es m\u00e1s cl\u00e1sica o moderna. \u00a1La micuna sabana quedar\u00e1 genial igualmente!<\/p>\n<p>La micuna sabana mide 120 x 60 cm. No incluye caj\u00f3n, pero tienes la opci\u00f3n de a\u00f1adirlo a tu pedido.<\/p>\n<p>Est\u00e1 dise\u00f1ada y fabricada en Espa\u00f1a con madera de Haya procedente de bosques sostenibles. Tenemos un gran compromiso con la fabricaci\u00f3n ecol\u00f3gica.<\/p>\n<p>Tienes la opci\u00f3n a\u00f1adirle a la cuna varios sistemas de micuna: El kit DUO para convertir dos cunas en cunas gemelares, el sistema Pendulum System que permite el balanceo de la cuna mediante un caj\u00f3n balanc\u00edn o el RELAX SYSTEM, el cual te da la opci\u00f3n de colocar el colch\u00f3n de la cuna en dos posiciones diferentes: en posici\u00f3n horizontal y con una inclinaci\u00f3n de 7\u00ba a 10\u00ba, sin necesidad se sacar al beb\u00e9 de la cuna ni despertarlo.<\/p>\n<p>Adem\u00e1s, puedes a\u00f1adir el caj\u00f3n, el conjunto de cuna y las preciosas s\u00e1banas<\/p>\n<p>Esta cuna suelte tener un plazo de entrega de 15 d\u00edas. Su lateral es abatible y cuenta con dos alturas de somier. Cuenta con 4 ruedas con freno, para poder transportar la cuna de una habitaci\u00f3n a otra.<\/p>\n<p>Opcional: Cajon, conjunto de cuna y sabanas.<\/p>\n<p>Si necesitas informaci\u00f3n, ponte en contacto con Centrobeb\u00e9 o visita la <strong><a href=\"https:\/\/centrobebe.es\/en\/product-category\/centrobebe\/el-sueno\/cunas\/\">web del fabricante<\/a><\/strong>. Nuestro equipo estar\u00e1 encantando de aconsejarte y ayudarte. La comodidad y el sue\u00f1o del beb\u00e9, es muy importante. Compra online a trav\u00e9s de nuestra p\u00e1gina web, y decide como financiarlo.<\/p>\n<p>Descubre la variedad de <strong><a href=\"https:\/\/centrobebe.es\/en\/product-category\/centrobebe\/el-sueno\/cunas\/\">cunas para beb\u00e9s<\/a> <\/strong>de las mejores marcas a los mejores precios. \u00a1Financia ahora!<\/p>","protected":false},"excerpt":{"rendered":"<p>Cuna Sabana Minicuna. \u00a1La jirafa es la protagonista! La Cuna Sabana Minicuna de 120 x 60 cm. Fabricada por madera de Haya de bosques sostenibles.<\/p>\n<p>Plazo de entrega 15 d\u00edas.<\/p>","protected":false},"featured_media":50089,"template":"","meta":[],"pwb-brand":[432],"product_cat":[147],"product_tag":[235],"class_list":["post-6496","product","type-product","status-publish","has-post-thumbnail","pwb-brand-micuna","product_cat-cunas","product_tag-micuna","pa_color-blanco","pa_color-embero","pa_color-miel","pa_color-natural","tm-has-options","first","instock","taxable","shipping-taxable","purchasable","product-type-simple"],"yoast_head":"<!-- This site is optimized with the Yoast SEO plugin v28.2 - https:\/\/yoast.com\/product\/yoast-seo-wordpress\/ -->\n<title>Micuna Sabana - Cunas para beb\u00e9s online - Centrobeb\u00e9<\/title>\n<meta name=\"description\" content=\"Minicuna sabana. \u00a1La jirafa es la protagonista! La Micuna Sabana mide 120 x 60 cm. Fabricada por madera de Haya de bosques sostenibles. \u00a1Es ideal!\" \/>\n<meta name=\"robots\" content=\"index, follow, max-snippet:-1, max-image-preview:large, max-video-preview:-1\" \/>\n<link rel=\"canonical\" href=\"https:\/\/centrobebe.es\/en\/shop\/centrobebe\/el-sueno\/cunas\/cuna-micuna-sabana-120x60\/\" \/>\n<meta property=\"og:locale\" content=\"en_GB\" \/>\n<meta property=\"og:type\" content=\"article\" \/>\n<meta property=\"og:title\" content=\"Micuna Sabana - Cunas para beb\u00e9s online - Centrobeb\u00e9\" \/>\n<meta property=\"og:description\" content=\"Minicuna sabana. \u00a1La jirafa es la protagonista! La Micuna Sabana mide 120 x 60 cm. Fabricada por madera de Haya de bosques sostenibles. \u00a1Es ideal!\" \/>\n<meta property=\"og:url\" content=\"https:\/\/centrobebe.es\/en\/shop\/centrobebe\/el-sueno\/cunas\/cuna-micuna-sabana-120x60\/\" \/>\n<meta property=\"og:site_name\" content=\"Centrobeb\u00e9\" \/>\n<meta property=\"article:publisher\" content=\"https:\/\/www.facebook.com\/centrobebe\/\" \/>\n<meta property=\"article:modified_time\" content=\"2025-05-08T18:10:28+00:00\" \/>\n<meta property=\"og:image\" content=\"https:\/\/centrobebe.es\/wp-content\/uploads\/2018\/05\/8431830110898-A2-e1712742001403.jpg\" \/>\n\t<meta property=\"og:image:width\" content=\"660\" \/>\n\t<meta property=\"og:image:height\" content=\"660\" \/>\n\t<meta property=\"og:image:type\" content=\"image\/jpeg\" \/>\n<meta name=\"twitter:card\" content=\"summary_large_image\" \/>\n<meta name=\"twitter:site\" content=\"@centrobebe\" \/>\n<meta name=\"twitter:label1\" content=\"Est. reading time\" \/>\n\t<meta name=\"twitter:data1\" content=\"2 minutes\" \/>\n<script type=\"application\/ld+json\" class=\"yoast-schema-graph\">{\"@context\":\"https:\\\/\\\/schema.org\",\"@graph\":[{\"@type\":\"WebPage\",\"@id\":\"https:\\\/\\\/centrobebe.es\\\/shop\\\/centrobebe\\\/el-sueno\\\/cunas\\\/cuna-micuna-sabana-120x60\\\/\",\"url\":\"https:\\\/\\\/centrobebe.es\\\/shop\\\/centrobebe\\\/el-sueno\\\/cunas\\\/cuna-micuna-sabana-120x60\\\/\",\"name\":\"Micuna Sabana - Cunas para beb\u00e9s online - Centrobeb\u00e9\",\"isPartOf\":{\"@id\":\"https:\\\/\\\/centrobebe.es\\\/#website\"},\"primaryImageOfPage\":{\"@id\":\"https:\\\/\\\/centrobebe.es\\\/shop\\\/centrobebe\\\/el-sueno\\\/cunas\\\/cuna-micuna-sabana-120x60\\\/#primaryimage\"},\"image\":{\"@id\":\"https:\\\/\\\/centrobebe.es\\\/shop\\\/centrobebe\\\/el-sueno\\\/cunas\\\/cuna-micuna-sabana-120x60\\\/#primaryimage\"},\"thumbnailUrl\":\"https:\\\/\\\/centrobebe.es\\\/wp-content\\\/uploads\\\/2018\\\/05\\\/8431830110898-A2-e1712742001403.jpg\",\"datePublished\":\"2018-05-24T10:47:14+00:00\",\"dateModified\":\"2025-05-08T18:10:28+00:00\",\"description\":\"Minicuna sabana. \u00a1La jirafa es la protagonista! La Micuna Sabana mide 120 x 60 cm. Fabricada por madera de Haya de bosques sostenibles. \u00a1Es ideal!\",\"breadcrumb\":{\"@id\":\"https:\\\/\\\/centrobebe.es\\\/shop\\\/centrobebe\\\/el-sueno\\\/cunas\\\/cuna-micuna-sabana-120x60\\\/#breadcrumb\"},\"inLanguage\":\"en-GB\",\"potentialAction\":[{\"@type\":\"ReadAction\",\"target\":[\"https:\\\/\\\/centrobebe.es\\\/shop\\\/centrobebe\\\/el-sueno\\\/cunas\\\/cuna-micuna-sabana-120x60\\\/\"]}]},{\"@type\":\"ImageObject\",\"inLanguage\":\"en-GB\",\"@id\":\"https:\\\/\\\/centrobebe.es\\\/shop\\\/centrobebe\\\/el-sueno\\\/cunas\\\/cuna-micuna-sabana-120x60\\\/#primaryimage\",\"url\":\"https:\\\/\\\/centrobebe.es\\\/wp-content\\\/uploads\\\/2018\\\/05\\\/8431830110898-A2-e1712742001403.jpg\",\"contentUrl\":\"https:\\\/\\\/centrobebe.es\\\/wp-content\\\/uploads\\\/2018\\\/05\\\/8431830110898-A2-e1712742001403.jpg\",\"width\":660,\"height\":660,\"caption\":\"cuna micuna sabana\"},{\"@type\":\"BreadcrumbList\",\"@id\":\"https:\\\/\\\/centrobebe.es\\\/shop\\\/centrobebe\\\/el-sueno\\\/cunas\\\/cuna-micuna-sabana-120x60\\\/#breadcrumb\",\"itemListElement\":[{\"@type\":\"ListItem\",\"position\":1,\"name\":\"Portada\",\"item\":\"https:\\\/\\\/centrobebe.es\\\/\"},{\"@type\":\"ListItem\",\"position\":2,\"name\":\"Shop\",\"item\":\"https:\\\/\\\/centrobebe.es\\\/shop\\\/\"},{\"@type\":\"ListItem\",\"position\":3,\"name\":\"Cuna Micuna Sabana 120&#215;60\"}]},{\"@type\":\"WebSite\",\"@id\":\"https:\\\/\\\/centrobebe.es\\\/#website\",\"url\":\"https:\\\/\\\/centrobebe.es\\\/\",\"name\":\"Centrobeb\u00e9\",\"description\":\"Tienda de bebe online | Todo lo que tu bebe necesita\",\"publisher\":{\"@id\":\"https:\\\/\\\/centrobebe.es\\\/#organization\"},\"alternateName\":\"Centrobeb\u00e9\",\"potentialAction\":[{\"@type\":\"SearchAction\",\"target\":{\"@type\":\"EntryPoint\",\"urlTemplate\":\"https:\\\/\\\/centrobebe.es\\\/?s={search_term_string}\"},\"query-input\":{\"@type\":\"PropertyValueSpecification\",\"valueRequired\":true,\"valueName\":\"search_term_string\"}}],\"inLanguage\":\"en-GB\"},{\"@type\":\"Organization\",\"@id\":\"https:\\\/\\\/centrobebe.es\\\/#organization\",\"name\":\"Centrobebe\",\"alternateName\":\"Centrobebe\",\"url\":\"https:\\\/\\\/centrobebe.es\\\/\",\"logo\":{\"@type\":\"ImageObject\",\"inLanguage\":\"en-GB\",\"@id\":\"https:\\\/\\\/centrobebe.es\\\/#\\\/schema\\\/logo\\\/image\\\/\",\"url\":\"\",\"contentUrl\":\"\",\"caption\":\"Centrobebe\"},\"image\":{\"@id\":\"https:\\\/\\\/centrobebe.es\\\/#\\\/schema\\\/logo\\\/image\\\/\"},\"sameAs\":[\"https:\\\/\\\/www.facebook.com\\\/centrobebe\\\/\",\"https:\\\/\\\/x.com\\\/centrobebe\",\"https:\\\/\\\/www.instagram.com\\\/centrobebe.es\\\/\",\"https:\\\/\\\/www.youtube.com\\\/channel\\\/UCVU-jcFuwntnxOhxvSbf3hg\"]}]}<\/script>\n<!-- \/ Yoast SEO plugin. -->","yoast_head_json":{"title":"Micuna Sabana - Cunas para beb\u00e9s online - Centrobeb\u00e9","description":"Minicuna sabana. \u00a1La jirafa es la protagonista! La Micuna Sabana mide 120 x 60 cm. Fabricada por madera de Haya de bosques sostenibles. \u00a1Es ideal!","robots":{"index":"index","follow":"follow","max-snippet":"max-snippet:-1","max-image-preview":"max-image-preview:large","max-video-preview":"max-video-preview:-1"},"canonical":"https:\/\/centrobebe.es\/en\/shop\/centrobebe\/el-sueno\/cunas\/cuna-micuna-sabana-120x60\/","og_locale":"en_GB","og_type":"article","og_title":"Micuna Sabana - Cunas para beb\u00e9s online - Centrobeb\u00e9","og_description":"Minicuna sabana. \u00a1La jirafa es la protagonista! La Micuna Sabana mide 120 x 60 cm. Fabricada por madera de Haya de bosques sostenibles. \u00a1Es ideal!","og_url":"https:\/\/centrobebe.es\/en\/shop\/centrobebe\/el-sueno\/cunas\/cuna-micuna-sabana-120x60\/","og_site_name":"Centrobeb\u00e9","article_publisher":"https:\/\/www.facebook.com\/centrobebe\/","article_modified_time":"2025-05-08T18:10:28+00:00","og_image":[{"width":660,"height":660,"url":"https:\/\/centrobebe.es\/wp-content\/uploads\/2018\/05\/8431830110898-A2-e1712742001403.jpg","type":"image\/jpeg"}],"twitter_card":"summary_large_image","twitter_site":"@centrobebe","twitter_misc":{"Est. reading time":"2 minutes"},"schema":{"@context":"https:\/\/schema.org","@graph":[{"@type":"WebPage","@id":"https:\/\/centrobebe.es\/shop\/centrobebe\/el-sueno\/cunas\/cuna-micuna-sabana-120x60\/","url":"https:\/\/centrobebe.es\/shop\/centrobebe\/el-sueno\/cunas\/cuna-micuna-sabana-120x60\/","name":"Micuna Sabana - Cunas para beb\u00e9s online - Centrobeb\u00e9","isPartOf":{"@id":"https:\/\/centrobebe.es\/#website"},"primaryImageOfPage":{"@id":"https:\/\/centrobebe.es\/shop\/centrobebe\/el-sueno\/cunas\/cuna-micuna-sabana-120x60\/#primaryimage"},"image":{"@id":"https:\/\/centrobebe.es\/shop\/centrobebe\/el-sueno\/cunas\/cuna-micuna-sabana-120x60\/#primaryimage"},"thumbnailUrl":"https:\/\/centrobebe.es\/wp-content\/uploads\/2018\/05\/8431830110898-A2-e1712742001403.jpg","datePublished":"2018-05-24T10:47:14+00:00","dateModified":"2025-05-08T18:10:28+00:00","description":"Minicuna sabana. \u00a1La jirafa es la protagonista! La Micuna Sabana mide 120 x 60 cm. Fabricada por madera de Haya de bosques sostenibles. \u00a1Es ideal!","breadcrumb":{"@id":"https:\/\/centrobebe.es\/shop\/centrobebe\/el-sueno\/cunas\/cuna-micuna-sabana-120x60\/#breadcrumb"},"inLanguage":"en-GB","potentialAction":[{"@type":"ReadAction","target":["https:\/\/centrobebe.es\/shop\/centrobebe\/el-sueno\/cunas\/cuna-micuna-sabana-120x60\/"]}]},{"@type":"ImageObject","inLanguage":"en-GB","@id":"https:\/\/centrobebe.es\/shop\/centrobebe\/el-sueno\/cunas\/cuna-micuna-sabana-120x60\/#primaryimage","url":"https:\/\/centrobebe.es\/wp-content\/uploads\/2018\/05\/8431830110898-A2-e1712742001403.jpg","contentUrl":"https:\/\/centrobebe.es\/wp-content\/uploads\/2018\/05\/8431830110898-A2-e1712742001403.jpg","width":660,"height":660,"caption":"cuna micuna sabana"},{"@type":"BreadcrumbList","@id":"https:\/\/centrobebe.es\/shop\/centrobebe\/el-sueno\/cunas\/cuna-micuna-sabana-120x60\/#breadcrumb","itemListElement":[{"@type":"ListItem","position":1,"name":"Portada","item":"https:\/\/centrobebe.es\/"},{"@type":"ListItem","position":2,"name":"Shop","item":"https:\/\/centrobebe.es\/shop\/"},{"@type":"ListItem","position":3,"name":"Cuna Micuna Sabana 120&#215;60"}]},{"@type":"WebSite","@id":"https:\/\/centrobebe.es\/#website","url":"https:\/\/centrobebe.es\/","name":"Centrobeb\u00e9","description":"Tienda de bebe online | Todo lo que tu bebe necesita","publisher":{"@id":"https:\/\/centrobebe.es\/#organization"},"alternateName":"Centrobeb\u00e9","potentialAction":[{"@type":"SearchAction","target":{"@type":"EntryPoint","urlTemplate":"https:\/\/centrobebe.es\/?s={search_term_string}"},"query-input":{"@type":"PropertyValueSpecification","valueRequired":true,"valueName":"search_term_string"}}],"inLanguage":"en-GB"},{"@type":"Organization","@id":"https:\/\/centrobebe.es\/#organization","name":"Centrobebe","alternateName":"Centrobebe","url":"https:\/\/centrobebe.es\/","logo":{"@type":"ImageObject","inLanguage":"en-GB","@id":"https:\/\/centrobebe.es\/#\/schema\/logo\/image\/","url":"","contentUrl":"","caption":"Centrobebe"},"image":{"@id":"https:\/\/centrobebe.es\/#\/schema\/logo\/image\/"},"sameAs":["https:\/\/www.facebook.com\/centrobebe\/","https:\/\/x.com\/centrobebe","https:\/\/www.instagram.com\/centrobebe.es\/","https:\/\/www.youtube.com\/channel\/UCVU-jcFuwntnxOhxvSbf3hg"]}]}},"brands":[{"id":432,"name":"Micuna","slug":"micuna"}],"_links":{"self":[{"href":"https:\/\/centrobebe.es\/en\/wp-json\/wp\/v2\/product\/6496","targetHints":{"allow":["GET"]}}],"collection":[{"href":"https:\/\/centrobebe.es\/en\/wp-json\/wp\/v2\/product"}],"about":[{"href":"https:\/\/centrobebe.es\/en\/wp-json\/wp\/v2\/types\/product"}],"version-history":[{"count":1,"href":"https:\/\/centrobebe.es\/en\/wp-json\/wp\/v2\/product\/6496\/revisions"}],"predecessor-version":[{"id":45401,"href":"https:\/\/centrobebe.es\/en\/wp-json\/wp\/v2\/product\/6496\/revisions\/45401"}],"wp:featuredmedia":[{"embeddable":true,"href":"https:\/\/centrobebe.es\/en\/wp-json\/wp\/v2\/media\/50089"}],"wp:attachment":[{"href":"https:\/\/centrobebe.es\/en\/wp-json\/wp\/v2\/media?parent=6496"}],"wp:term":[{"taxonomy":"pwb-brand","embeddable":true,"href":"https:\/\/centrobebe.es\/en\/wp-json\/wp\/v2\/pwb-brand?post=6496"},{"taxonomy":"product_cat","embeddable":true,"href":"https:\/\/centrobebe.es\/en\/wp-json\/wp\/v2\/product_cat?post=6496"},{"taxonomy":"product_tag","embeddable":true,"href":"https:\/\/centrobebe.es\/en\/wp-json\/wp\/v2\/product_tag?post=6496"}],"curies":[{"name":"wp","href":"https:\/\/api.w.org\/{rel}","templated":true}]}}